{"id":299,"date":"2023-08-12T20:49:05","date_gmt":"2023-08-12T18:49:05","guid":{"rendered":"https:\/\/unesenivangole.socializmus.sk\/?page_id=299"},"modified":"2023-08-15T01:49:19","modified_gmt":"2023-08-14T23:49:19","slug":"blog-lubomira-sazecka","status":"publish","type":"page","link":"https:\/\/www.unesenivangole.socializmus.sk\/en\/blog-of-lubomir-sazecek\/","title":{"rendered":"Blog of Lubom\u00edr Saze\u010dek"},"content":{"rendered":"<div data-elementor-type=\"wp-page\" data-elementor-id=\"299\" class=\"elementor elementor-299\" data-elementor-post-type=\"page\">\n\t\t\t\t\t\t<section class=\"elementor-section elementor-top-section elementor-element elementor-element-9153317 elementor-section-boxed elementor-section-height-default elementor-section-height-default\" data-id=\"9153317\" data-element_type=\"section\" data-e-type=\"section\">\n\t\t\t\t\t\t<div class=\"elementor-container elementor-column-gap-default\">\n\t\t\t\t\t<div class=\"elementor-column elementor-col-100 elementor-top-column elementor-element elementor-element-bc3c6cc\" data-id=\"bc3c6cc\" data-element_type=\"column\" data-e-type=\"column\">\n\t\t\t<div class=\"elementor-widget-wrap elementor-element-populated\">\n\t\t\t\t\t\t<div class=\"elementor-element elementor-element-836911b elementor-view-default elementor-widget elementor-widget-icon\" data-id=\"836911b\" data-element_type=\"widget\" data-e-type=\"widget\" data-widget_type=\"icon.default\">\n\t\t\t\t<div class=\"elementor-widget-container\">\n\t\t\t\t\t\t\t<div class=\"elementor-icon-wrapper\">\n\t\t\t<div class=\"elementor-icon\">\n\t\t\t<i aria-hidden=\"true\" class=\"fas fa-pen-nib\"><\/i>\t\t\t<\/div>\n\t\t<\/div>\n\t\t\t\t\t\t<\/div>\n\t\t\t\t<\/div>\n\t\t\t\t<div class=\"elementor-element elementor-element-07b66d0 elementor-widget elementor-widget-heading\" data-id=\"07b66d0\" data-element_type=\"widget\" data-e-type=\"widget\" data-widget_type=\"heading.default\">\n\t\t\t\t<div class=\"elementor-widget-container\">\n\t\t\t\t\t<h2 class=\"elementor-heading-title elementor-size-default\">Blog of Lubom\u00edr Saze\u010dek<\/h2>\t\t\t\t<\/div>\n\t\t\t\t<\/div>\n\t\t\t\t<div class=\"elementor-element elementor-element-84b3fe7 elementor-grid-4 elementor-grid-mobile-2 elementor-grid-tablet-2 elementor-posts--thumbnail-top elementor-widget elementor-widget-posts\" data-id=\"84b3fe7\" data-element_type=\"widget\" data-e-type=\"widget\" data-settings=\"{&quot;classic_columns&quot;:&quot;4&quot;,&quot;classic_columns_mobile&quot;:&quot;2&quot;,&quot;classic_columns_tablet&quot;:&quot;2&quot;,&quot;classic_row_gap&quot;:{&quot;unit&quot;:&quot;px&quot;,&quot;size&quot;:35,&quot;sizes&quot;:[]},&quot;classic_row_gap_tablet&quot;:{&quot;unit&quot;:&quot;px&quot;,&quot;size&quot;:&quot;&quot;,&quot;sizes&quot;:[]},&quot;classic_row_gap_mobile&quot;:{&quot;unit&quot;:&quot;px&quot;,&quot;size&quot;:&quot;&quot;,&quot;sizes&quot;:[]}}\" data-widget_type=\"posts.classic\">\n\t\t\t\t<div class=\"elementor-widget-container\">\n\t\t\t\t\t\t\t<div class=\"elementor-posts-container elementor-posts elementor-posts--skin-classic elementor-grid\">\n\t\t\t\t<article class=\"elementor-post elementor-grid-item post-226694 post type-post status-publish format-standard has-post-thumbnail hentry category-blog-lubomira-sazecka\">\n\t\t\t\t<a class=\"elementor-post__thumbnail__link\" href=\"https:\/\/www.unesenivangole.socializmus.sk\/en\/potkal-jsem-na-kube-svou-lidici\/\" tabindex=\"-1\" >\n\t\t\t<div class=\"elementor-post__thumbnail\"><img fetchpriority=\"high\" decoding=\"async\" width=\"300\" height=\"169\" src=\"https:\/\/www.unesenivangole.socializmus.sk\/wp-content\/uploads\/2025\/01\/obrazok_2025-01-07_094731556-300x169.png\" class=\"attachment-medium size-medium wp-image-226701\" alt=\"\" srcset=\"https:\/\/www.unesenivangole.socializmus.sk\/wp-content\/uploads\/2025\/01\/obrazok_2025-01-07_094731556-300x169.png 300w, https:\/\/www.unesenivangole.socializmus.sk\/wp-content\/uploads\/2025\/01\/obrazok_2025-01-07_094731556-768x432.png 768w, https:\/\/www.unesenivangole.socializmus.sk\/wp-content\/uploads\/2025\/01\/obrazok_2025-01-07_094731556-18x10.png 18w, https:\/\/www.unesenivangole.socializmus.sk\/wp-content\/uploads\/2025\/01\/obrazok_2025-01-07_094731556.png 1024w\" sizes=\"(max-width: 300px) 100vw, 300px\" \/><\/div>\n\t\t<\/a>\n\t\t\t\t<div class=\"elementor-post__text\">\n\t\t\t\t<h3 class=\"elementor-post__title\">\n\t\t\t<a href=\"https:\/\/www.unesenivangole.socializmus.sk\/en\/potkal-jsem-na-kube-svou-lidici\/\" >\n\t\t\t\tPotkal jsem na Kub\u011b svou Lidici\t\t\t<\/a>\n\t\t<\/h3>\n\t\t\t\t<div class=\"elementor-post__meta-data\">\n\t\t\t\t\t<span class=\"elementor-post-author\">\n\t\t\tLubom\u00edr Saze\u010dek\t\t<\/span>\n\t\t\t\t<span class=\"elementor-post-avatar\">\n\t\t\tNo Comments\t\t<\/span>\n\t\t\t\t<\/div>\n\t\t\t\t<\/div>\n\t\t\t\t<\/article>\n\t\t\t\t<article class=\"elementor-post elementor-grid-item post-226560 post type-post status-publish format-standard has-post-thumbnail hentry category-tlacova-konferencia-k-40-vyrociu-prepustenia\">\n\t\t\t\t<a class=\"elementor-post__thumbnail__link\" href=\"https:\/\/www.unesenivangole.socializmus.sk\/en\/pred-40-rokmi-angolska-protivladna-skupina-unita-prepustila-poslednych-ceskoslovenskych-rukojemnikov\/\" tabindex=\"-1\" >\n\t\t\t<div class=\"elementor-post__thumbnail\"><img decoding=\"async\" width=\"300\" height=\"169\" src=\"https:\/\/www.unesenivangole.socializmus.sk\/wp-content\/uploads\/2024\/06\/obrazok_2024-06-23_163726992-300x169.png\" class=\"attachment-medium size-medium wp-image-226561\" alt=\"\" srcset=\"https:\/\/www.unesenivangole.socializmus.sk\/wp-content\/uploads\/2024\/06\/obrazok_2024-06-23_163726992-300x169.png 300w, https:\/\/www.unesenivangole.socializmus.sk\/wp-content\/uploads\/2024\/06\/obrazok_2024-06-23_163726992-1024x577.png 1024w, https:\/\/www.unesenivangole.socializmus.sk\/wp-content\/uploads\/2024\/06\/obrazok_2024-06-23_163726992-768x433.png 768w, https:\/\/www.unesenivangole.socializmus.sk\/wp-content\/uploads\/2024\/06\/obrazok_2024-06-23_163726992-18x10.png 18w, https:\/\/www.unesenivangole.socializmus.sk\/wp-content\/uploads\/2024\/06\/obrazok_2024-06-23_163726992.png 1500w\" sizes=\"(max-width: 300px) 100vw, 300px\" \/><\/div>\n\t\t<\/a>\n\t\t\t\t<div class=\"elementor-post__text\">\n\t\t\t\t<h3 class=\"elementor-post__title\">\n\t\t\t<a href=\"https:\/\/www.unesenivangole.socializmus.sk\/en\/pred-40-rokmi-angolska-protivladna-skupina-unita-prepustila-poslednych-ceskoslovenskych-rukojemnikov\/\" >\n\t\t\t\tPred 40 rokmi angolsk\u00e1 protivl\u00e1dna skupina UNITA prepustila posledn\u00fdch \u010ceskoslovensk\u00fdch rukojemn\u00edkov\t\t\t<\/a>\n\t\t<\/h3>\n\t\t\t\t<div class=\"elementor-post__meta-data\">\n\t\t\t\t\t<span class=\"elementor-post-author\">\n\t\t\tDenis Majko\t\t<\/span>\n\t\t\t\t<span class=\"elementor-post-avatar\">\n\t\t\tNo Comments\t\t<\/span>\n\t\t\t\t<\/div>\n\t\t\t\t<\/div>\n\t\t\t\t<\/article>\n\t\t\t\t<article class=\"elementor-post elementor-grid-item post-226557 post type-post status-publish format-standard has-post-thumbnail hentry category-tlacova-konferencia-k-40-vyrociu-prepustenia\">\n\t\t\t\t<a class=\"elementor-post__thumbnail__link\" href=\"https:\/\/www.unesenivangole.socializmus.sk\/en\/pred-40-rokmi-uneseni-v-angole-navstivili-muzeum-totality-v-seredi\/\" tabindex=\"-1\" >\n\t\t\t<div class=\"elementor-post__thumbnail\"><img decoding=\"async\" width=\"300\" height=\"169\" src=\"https:\/\/www.unesenivangole.socializmus.sk\/wp-content\/uploads\/2024\/06\/obrazok_2024-06-23_163553658-300x169.png\" class=\"attachment-medium size-medium wp-image-226558\" alt=\"\" srcset=\"https:\/\/www.unesenivangole.socializmus.sk\/wp-content\/uploads\/2024\/06\/obrazok_2024-06-23_163553658-300x169.png 300w, https:\/\/www.unesenivangole.socializmus.sk\/wp-content\/uploads\/2024\/06\/obrazok_2024-06-23_163553658-1024x577.png 1024w, https:\/\/www.unesenivangole.socializmus.sk\/wp-content\/uploads\/2024\/06\/obrazok_2024-06-23_163553658-768x433.png 768w, https:\/\/www.unesenivangole.socializmus.sk\/wp-content\/uploads\/2024\/06\/obrazok_2024-06-23_163553658-18x10.png 18w, https:\/\/www.unesenivangole.socializmus.sk\/wp-content\/uploads\/2024\/06\/obrazok_2024-06-23_163553658.png 1500w\" sizes=\"(max-width: 300px) 100vw, 300px\" \/><\/div>\n\t\t<\/a>\n\t\t\t\t<div class=\"elementor-post__text\">\n\t\t\t\t<h3 class=\"elementor-post__title\">\n\t\t\t<a href=\"https:\/\/www.unesenivangole.socializmus.sk\/en\/pred-40-rokmi-uneseni-v-angole-navstivili-muzeum-totality-v-seredi\/\" >\n\t\t\t\tPred 40 rokmi unesen\u00ed v Angole nav\u0161t\u00edvili M\u00fazeum totality v Seredi\t\t\t<\/a>\n\t\t<\/h3>\n\t\t\t\t<div class=\"elementor-post__meta-data\">\n\t\t\t\t\t<span class=\"elementor-post-author\">\n\t\t\tDenis Majko\t\t<\/span>\n\t\t\t\t<span class=\"elementor-post-avatar\">\n\t\t\tNo Comments\t\t<\/span>\n\t\t\t\t<\/div>\n\t\t\t\t<\/div>\n\t\t\t\t<\/article>\n\t\t\t\t<article class=\"elementor-post elementor-grid-item post-226554 post type-post status-publish format-standard has-post-thumbnail hentry category-tlacova-konferencia-k-40-vyrociu-prepustenia\">\n\t\t\t\t<a class=\"elementor-post__thumbnail__link\" href=\"https:\/\/www.unesenivangole.socializmus.sk\/en\/uneseni-v-angole-tlacova-konferencia-poriadana-muzeom-totality\/\" tabindex=\"-1\" >\n\t\t\t<div class=\"elementor-post__thumbnail\"><img loading=\"lazy\" decoding=\"async\" width=\"300\" height=\"169\" src=\"https:\/\/www.unesenivangole.socializmus.sk\/wp-content\/uploads\/2024\/06\/obrazok_2024-06-23_163432676-300x169.png\" class=\"attachment-medium size-medium wp-image-226555\" alt=\"\" srcset=\"https:\/\/www.unesenivangole.socializmus.sk\/wp-content\/uploads\/2024\/06\/obrazok_2024-06-23_163432676-300x169.png 300w, https:\/\/www.unesenivangole.socializmus.sk\/wp-content\/uploads\/2024\/06\/obrazok_2024-06-23_163432676-1024x577.png 1024w, https:\/\/www.unesenivangole.socializmus.sk\/wp-content\/uploads\/2024\/06\/obrazok_2024-06-23_163432676-768x433.png 768w, https:\/\/www.unesenivangole.socializmus.sk\/wp-content\/uploads\/2024\/06\/obrazok_2024-06-23_163432676-18x10.png 18w, https:\/\/www.unesenivangole.socializmus.sk\/wp-content\/uploads\/2024\/06\/obrazok_2024-06-23_163432676.png 1500w\" sizes=\"(max-width: 300px) 100vw, 300px\" \/><\/div>\n\t\t<\/a>\n\t\t\t\t<div class=\"elementor-post__text\">\n\t\t\t\t<h3 class=\"elementor-post__title\">\n\t\t\t<a href=\"https:\/\/www.unesenivangole.socializmus.sk\/en\/uneseni-v-angole-tlacova-konferencia-poriadana-muzeom-totality\/\" >\n\t\t\t\tUnesen\u00ed v Angole \u2013 tla\u010dov\u00e1 konferencia poriadan\u00e1 M\u00fazeom totality\t\t\t<\/a>\n\t\t<\/h3>\n\t\t\t\t<div class=\"elementor-post__meta-data\">\n\t\t\t\t\t<span class=\"elementor-post-author\">\n\t\t\tDenis Majko\t\t<\/span>\n\t\t\t\t<span class=\"elementor-post-avatar\">\n\t\t\tNo Comments\t\t<\/span>\n\t\t\t\t<\/div>\n\t\t\t\t<\/div>\n\t\t\t\t<\/article>\n\t\t\t\t<article class=\"elementor-post elementor-grid-item post-226551 post type-post status-publish format-standard has-post-thumbnail hentry category-tlacova-konferencia-k-40-vyrociu-prepustenia\">\n\t\t\t\t<a class=\"elementor-post__thumbnail__link\" href=\"https:\/\/www.unesenivangole.socializmus.sk\/en\/uneseni-v-angole-tlacova-konferencia\/\" tabindex=\"-1\" >\n\t\t\t<div class=\"elementor-post__thumbnail\"><img loading=\"lazy\" decoding=\"async\" width=\"300\" height=\"200\" src=\"https:\/\/www.unesenivangole.socializmus.sk\/wp-content\/uploads\/2024\/06\/obrazok_2024-06-23_163342633-300x200.png\" class=\"attachment-medium size-medium wp-image-226552\" alt=\"\" srcset=\"https:\/\/www.unesenivangole.socializmus.sk\/wp-content\/uploads\/2024\/06\/obrazok_2024-06-23_163342633-300x200.png 300w, https:\/\/www.unesenivangole.socializmus.sk\/wp-content\/uploads\/2024\/06\/obrazok_2024-06-23_163342633-1024x681.png 1024w, https:\/\/www.unesenivangole.socializmus.sk\/wp-content\/uploads\/2024\/06\/obrazok_2024-06-23_163342633-768x511.png 768w, https:\/\/www.unesenivangole.socializmus.sk\/wp-content\/uploads\/2024\/06\/obrazok_2024-06-23_163342633-18x12.png 18w, https:\/\/www.unesenivangole.socializmus.sk\/wp-content\/uploads\/2024\/06\/obrazok_2024-06-23_163342633.png 1500w\" sizes=\"(max-width: 300px) 100vw, 300px\" \/><\/div>\n\t\t<\/a>\n\t\t\t\t<div class=\"elementor-post__text\">\n\t\t\t\t<h3 class=\"elementor-post__title\">\n\t\t\t<a href=\"https:\/\/www.unesenivangole.socializmus.sk\/en\/uneseni-v-angole-tlacova-konferencia\/\" >\n\t\t\t\tUnesen\u00ed v Angole &#8211; tla\u010dov\u00e1 konferencia\t\t\t<\/a>\n\t\t<\/h3>\n\t\t\t\t<div class=\"elementor-post__meta-data\">\n\t\t\t\t\t<span class=\"elementor-post-author\">\n\t\t\tDenis Majko\t\t<\/span>\n\t\t\t\t<span class=\"elementor-post-avatar\">\n\t\t\tNo Comments\t\t<\/span>\n\t\t\t\t<\/div>\n\t\t\t\t<\/div>\n\t\t\t\t<\/article>\n\t\t\t\t<article class=\"elementor-post elementor-grid-item post-1461 post type-post status-publish format-standard hentry category-blog-lubomira-sazecka\">\n\t\t\t\t<div class=\"elementor-post__text\">\n\t\t\t\t<h3 class=\"elementor-post__title\">\n\t\t\t<a href=\"https:\/\/www.unesenivangole.socializmus.sk\/en\/dalsi-vyroci-za-nami\/\" >\n\t\t\t\tDal\u0161\u00ed v\u00fdro\u010d\u00ed za n\u00e1mi\t\t\t<\/a>\n\t\t<\/h3>\n\t\t\t\t<div class=\"elementor-post__meta-data\">\n\t\t\t\t\t<span class=\"elementor-post-author\">\n\t\t\tLubom\u00edr Saze\u010dek\t\t<\/span>\n\t\t\t\t<span class=\"elementor-post-avatar\">\n\t\t\tNo Comments\t\t<\/span>\n\t\t\t\t<\/div>\n\t\t\t\t<\/div>\n\t\t\t\t<\/article>\n\t\t\t\t<article class=\"elementor-post elementor-grid-item post-816 post type-post status-publish format-standard has-post-thumbnail hentry category-blog-lubomira-sazecka\">\n\t\t\t\t<a class=\"elementor-post__thumbnail__link\" href=\"https:\/\/www.unesenivangole.socializmus.sk\/en\/kubanec-adolfo-dalsi-z-naseho-tabora\/\" tabindex=\"-1\" >\n\t\t\t<div class=\"elementor-post__thumbnail\"><img loading=\"lazy\" decoding=\"async\" width=\"300\" height=\"255\" src=\"https:\/\/www.unesenivangole.socializmus.sk\/wp-content\/uploads\/2023\/08\/Adolfo.png-300x255.jpg\" class=\"attachment-medium size-medium wp-image-815\" alt=\"\" srcset=\"https:\/\/www.unesenivangole.socializmus.sk\/wp-content\/uploads\/2023\/08\/Adolfo.png-300x255.jpg 300w, https:\/\/www.unesenivangole.socializmus.sk\/wp-content\/uploads\/2023\/08\/Adolfo.png-1024x871.jpg 1024w, https:\/\/www.unesenivangole.socializmus.sk\/wp-content\/uploads\/2023\/08\/Adolfo.png-768x653.jpg 768w, https:\/\/www.unesenivangole.socializmus.sk\/wp-content\/uploads\/2023\/08\/Adolfo.png-14x12.jpg 14w, https:\/\/www.unesenivangole.socializmus.sk\/wp-content\/uploads\/2023\/08\/Adolfo.png.jpg 1103w\" sizes=\"(max-width: 300px) 100vw, 300px\" \/><\/div>\n\t\t<\/a>\n\t\t\t\t<div class=\"elementor-post__text\">\n\t\t\t\t<h3 class=\"elementor-post__title\">\n\t\t\t<a href=\"https:\/\/www.unesenivangole.socializmus.sk\/en\/kubanec-adolfo-dalsi-z-naseho-tabora\/\" >\n\t\t\t\tKub\u00e1nec Adolfo, dal\u0161\u00ed z na\u0161eho t\u00e1bora\t\t\t<\/a>\n\t\t<\/h3>\n\t\t\t\t<div class=\"elementor-post__meta-data\">\n\t\t\t\t\t<span class=\"elementor-post-author\">\n\t\t\tLubom\u00edr Saze\u010dek\t\t<\/span>\n\t\t\t\t<span class=\"elementor-post-avatar\">\n\t\t\t1 Comment\t\t<\/span>\n\t\t\t\t<\/div>\n\t\t\t\t<\/div>\n\t\t\t\t<\/article>\n\t\t\t\t<\/div>\n\t\t\n\t\t\t\t\t\t<\/div>\n\t\t\t\t<\/div>\n\t\t\t\t\t<\/div>\n\t\t<\/div>\n\t\t\t\t\t<\/div>\n\t\t<\/section>\n\t\t\t\t<\/div>","protected":false},"excerpt":{"rendered":"<p>Blog of Lubom\u00edr Saze\u010dek<\/p>","protected":false},"author":1,"featured_media":0,"parent":0,"menu_order":0,"comment_status":"closed","ping_status":"closed","template":"","meta":{"footnotes":""},"class_list":["post-299","page","type-page","status-publish","hentry"],"yoast_head":"<!-- This site is optimized with the Yoast SEO plugin v27.5 - https:\/\/yoast.com\/product\/yoast-seo-wordpress\/ -->\n<title>Blog Lubom\u00edra Saze\u010dka | Najv\u00e4\u010d\u0161\u00ed \u00fanos \u010cechoslov\u00e1kov \u2013 Angola 1983<\/title>\n<meta name=\"robots\" content=\"index, follow, max-snippet:-1, max-image-preview:large, max-video-preview:-1\" \/>\n<link rel=\"canonical\" href=\"https:\/\/www.unesenivangole.socializmus.sk\/en\/blog-of-lubomir-sazecek\/\" \/>\n<meta property=\"og:locale\" content=\"en_GB\" \/>\n<meta property=\"og:type\" content=\"article\" \/>\n<meta property=\"og:title\" content=\"Blog Lubom\u00edra Saze\u010dka | Najv\u00e4\u010d\u0161\u00ed \u00fanos \u010cechoslov\u00e1kov \u2013 Angola 1983\" \/>\n<meta property=\"og:description\" content=\"Blog Lubom\u00edra Saze\u010dka\" \/>\n<meta property=\"og:url\" content=\"https:\/\/www.unesenivangole.socializmus.sk\/en\/blog-of-lubomir-sazecek\/\" \/>\n<meta property=\"og:site_name\" content=\"Najv\u00e4\u010d\u0161\u00ed \u00fanos \u010cechoslov\u00e1kov \u2013 Angola 1983\" \/>\n<meta property=\"article:modified_time\" content=\"2023-08-14T23:49:19+00:00\" \/>\n<meta name=\"twitter:card\" content=\"summary_large_image\" \/>\n<meta name=\"twitter:label1\" content=\"Estimated reading time\" \/>\n\t<meta name=\"twitter:data1\" content=\"6 minutes\" \/>\n<script type=\"application\/ld+json\" class=\"yoast-schema-graph\">{\"@context\":\"https:\\\/\\\/schema.org\",\"@graph\":[{\"@type\":\"WebPage\",\"@id\":\"https:\\\/\\\/www.unesenivangole.socializmus.sk\\\/blog-lubomira-sazecka\\\/\",\"url\":\"https:\\\/\\\/www.unesenivangole.socializmus.sk\\\/blog-lubomira-sazecka\\\/\",\"name\":\"Blog Lubom\u00edra Saze\u010dka | Najv\u00e4\u010d\u0161\u00ed \u00fanos \u010cechoslov\u00e1kov \u2013 Angola 1983\",\"isPartOf\":{\"@id\":\"https:\\\/\\\/www.unesenivangole.socializmus.sk\\\/#website\"},\"datePublished\":\"2023-08-12T18:49:05+00:00\",\"dateModified\":\"2023-08-14T23:49:19+00:00\",\"breadcrumb\":{\"@id\":\"https:\\\/\\\/www.unesenivangole.socializmus.sk\\\/blog-lubomira-sazecka\\\/#breadcrumb\"},\"inLanguage\":\"en-GB\",\"potentialAction\":[{\"@type\":\"ReadAction\",\"target\":[\"https:\\\/\\\/www.unesenivangole.socializmus.sk\\\/blog-lubomira-sazecka\\\/\"]}]},{\"@type\":\"BreadcrumbList\",\"@id\":\"https:\\\/\\\/www.unesenivangole.socializmus.sk\\\/blog-lubomira-sazecka\\\/#breadcrumb\",\"itemListElement\":[{\"@type\":\"ListItem\",\"position\":1,\"name\":\"Domovsk\u00e1 str\u00e1nka\",\"item\":\"https:\\\/\\\/www.unesenivangole.socializmus.sk\\\/\"},{\"@type\":\"ListItem\",\"position\":2,\"name\":\"Blog Lubom\u00edra Saze\u010dka\"}]},{\"@type\":\"WebSite\",\"@id\":\"https:\\\/\\\/www.unesenivangole.socializmus.sk\\\/#website\",\"url\":\"https:\\\/\\\/www.unesenivangole.socializmus.sk\\\/\",\"name\":\"Najv\u00e4\u010d\u0161\u00ed \u00fanos \u010cechoslov\u00e1kov \u2013 Angola 1983\",\"description\":\"Socializmus.sk\",\"alternateName\":\"Socializmus.sk\",\"potentialAction\":[{\"@type\":\"SearchAction\",\"target\":{\"@type\":\"EntryPoint\",\"urlTemplate\":\"https:\\\/\\\/www.unesenivangole.socializmus.sk\\\/?s={search_term_string}\"},\"query-input\":{\"@type\":\"PropertyValueSpecification\",\"valueRequired\":true,\"valueName\":\"search_term_string\"}}],\"inLanguage\":\"en-GB\"}]}<\/script>\n<!-- \/ Yoast SEO plugin. -->","yoast_head_json":{"title":"Lubom\u00edr Saze\u010dek's Blog | The Greatest Kidnapping of Czechoslovaks - Angola 1983","robots":{"index":"index","follow":"follow","max-snippet":"max-snippet:-1","max-image-preview":"max-image-preview:large","max-video-preview":"max-video-preview:-1"},"canonical":"https:\/\/www.unesenivangole.socializmus.sk\/en\/blog-of-lubomir-sazecek\/","og_locale":"en_GB","og_type":"article","og_title":"Blog Lubom\u00edra Saze\u010dka | Najv\u00e4\u010d\u0161\u00ed \u00fanos \u010cechoslov\u00e1kov \u2013 Angola 1983","og_description":"Blog Lubom\u00edra Saze\u010dka","og_url":"https:\/\/www.unesenivangole.socializmus.sk\/en\/blog-of-lubomir-sazecek\/","og_site_name":"Najv\u00e4\u010d\u0161\u00ed \u00fanos \u010cechoslov\u00e1kov \u2013 Angola 1983","article_modified_time":"2023-08-14T23:49:19+00:00","twitter_card":"summary_large_image","twitter_misc":{"Estimated reading time":"6 minutes"},"schema":{"@context":"https:\/\/schema.org","@graph":[{"@type":"WebPage","@id":"https:\/\/www.unesenivangole.socializmus.sk\/blog-lubomira-sazecka\/","url":"https:\/\/www.unesenivangole.socializmus.sk\/blog-lubomira-sazecka\/","name":"Lubom\u00edr Saze\u010dek's Blog | The Greatest Kidnapping of Czechoslovaks - Angola 1983","isPartOf":{"@id":"https:\/\/www.unesenivangole.socializmus.sk\/#website"},"datePublished":"2023-08-12T18:49:05+00:00","dateModified":"2023-08-14T23:49:19+00:00","breadcrumb":{"@id":"https:\/\/www.unesenivangole.socializmus.sk\/blog-lubomira-sazecka\/#breadcrumb"},"inLanguage":"en-GB","potentialAction":[{"@type":"ReadAction","target":["https:\/\/www.unesenivangole.socializmus.sk\/blog-lubomira-sazecka\/"]}]},{"@type":"BreadcrumbList","@id":"https:\/\/www.unesenivangole.socializmus.sk\/blog-lubomira-sazecka\/#breadcrumb","itemListElement":[{"@type":"ListItem","position":1,"name":"Domovsk\u00e1 str\u00e1nka","item":"https:\/\/www.unesenivangole.socializmus.sk\/"},{"@type":"ListItem","position":2,"name":"Blog Lubom\u00edra Saze\u010dka"}]},{"@type":"WebSite","@id":"https:\/\/www.unesenivangole.socializmus.sk\/#website","url":"https:\/\/www.unesenivangole.socializmus.sk\/","name":"The biggest kidnapping of Czechoslovaks - Angola 1983","description":"Socializmus.sk","alternateName":"Socializmus.sk","potentialAction":[{"@type":"SearchAction","target":{"@type":"EntryPoint","urlTemplate":"https:\/\/www.unesenivangole.socializmus.sk\/?s={search_term_string}"},"query-input":{"@type":"PropertyValueSpecification","valueRequired":true,"valueName":"search_term_string"}}],"inLanguage":"en-GB"}]}},"_links":{"self":[{"href":"https:\/\/www.unesenivangole.socializmus.sk\/en\/wp-json\/wp\/v2\/pages\/299","targetHints":{"allow":["GET"]}}],"collection":[{"href":"https:\/\/www.unesenivangole.socializmus.sk\/en\/wp-json\/wp\/v2\/pages"}],"about":[{"href":"https:\/\/www.unesenivangole.socializmus.sk\/en\/wp-json\/wp\/v2\/types\/page"}],"author":[{"embeddable":true,"href":"https:\/\/www.unesenivangole.socializmus.sk\/en\/wp-json\/wp\/v2\/users\/1"}],"replies":[{"embeddable":true,"href":"https:\/\/www.unesenivangole.socializmus.sk\/en\/wp-json\/wp\/v2\/comments?post=299"}],"version-history":[{"count":5,"href":"https:\/\/www.unesenivangole.socializmus.sk\/en\/wp-json\/wp\/v2\/pages\/299\/revisions"}],"predecessor-version":[{"id":580,"href":"https:\/\/www.unesenivangole.socializmus.sk\/en\/wp-json\/wp\/v2\/pages\/299\/revisions\/580"}],"wp:attachment":[{"href":"https:\/\/www.unesenivangole.socializmus.sk\/en\/wp-json\/wp\/v2\/media?parent=299"}],"curies":[{"name":"wp","href":"https:\/\/api.w.org\/{rel}","templated":true}]}}