{"id":562,"date":"2023-08-15T01:38:00","date_gmt":"2023-08-14T23:38:00","guid":{"rendered":"https:\/\/unesenivangole.socializmus.sk\/?page_id=562"},"modified":"2023-08-15T01:39:15","modified_gmt":"2023-08-14T23:39:15","slug":"rok-v-zajati-unity-spomienky-priameho-ucastnika-pochodu-lubomira-sazecka","status":"publish","type":"page","link":"https:\/\/www.unesenivangole.socializmus.sk\/pt\/um-ano-no-cativeiro-da-unityrecordacoes-de-um-participante-direto-na-marcha-lubomir-sazecek\/","title":{"rendered":"Rok v zajat\u00ed UNITY &#8211; spomienky priameho \u00fa\u010dastn\u00edka pochodu Lubom\u00edra Saze\u010dka"},"content":{"rendered":"<div data-elementor-type=\"wp-page\" data-elementor-id=\"562\" class=\"elementor elementor-562\" data-elementor-post-type=\"page\">\n\t\t\t\t\t\t<section class=\"elementor-section elementor-top-section elementor-element elementor-element-b9d4f0c elementor-section-boxed elementor-section-height-default elementor-section-height-default\" data-id=\"b9d4f0c\" data-element_type=\"section\" data-e-type=\"section\">\n\t\t\t\t\t\t<div class=\"elementor-container elementor-column-gap-default\">\n\t\t\t\t\t<div class=\"elementor-column elementor-col-100 elementor-top-column elementor-element elementor-element-6def5fe\" data-id=\"6def5fe\" data-element_type=\"column\" data-e-type=\"column\">\n\t\t\t<div class=\"elementor-widget-wrap elementor-element-populated\">\n\t\t\t\t\t\t<div class=\"elementor-element elementor-element-b4bf9ac elementor-view-default elementor-widget elementor-widget-icon\" data-id=\"b4bf9ac\" data-element_type=\"widget\" data-e-type=\"widget\" data-widget_type=\"icon.default\">\n\t\t\t\t<div class=\"elementor-widget-container\">\n\t\t\t\t\t\t\t<div class=\"elementor-icon-wrapper\">\n\t\t\t<div class=\"elementor-icon\">\n\t\t\t<i aria-hidden=\"true\" class=\"fas fa-pen-nib\"><\/i>\t\t\t<\/div>\n\t\t<\/div>\n\t\t\t\t\t\t<\/div>\n\t\t\t\t<\/div>\n\t\t\t\t<div class=\"elementor-element elementor-element-4f374d2 elementor-widget elementor-widget-heading\" data-id=\"4f374d2\" data-element_type=\"widget\" data-e-type=\"widget\" data-widget_type=\"heading.default\">\n\t\t\t\t<div class=\"elementor-widget-container\">\n\t\t\t\t\t<h2 class=\"elementor-heading-title elementor-size-default\">Um ano no cativeiro da UNITA<\/h2>\t\t\t\t<\/div>\n\t\t\t\t<\/div>\n\t\t\t\t<div class=\"elementor-element elementor-element-cf1bb66 elementor-widget elementor-widget-heading\" data-id=\"cf1bb66\" data-element_type=\"widget\" data-e-type=\"widget\" data-widget_type=\"heading.default\">\n\t\t\t\t<div class=\"elementor-widget-container\">\n\t\t\t\t\t<h4 class=\"elementor-heading-title elementor-size-default\">recorda\u00e7\u00f5es de um participante direto na marcha Lubom\u00edr Saze\u010dek<\/h4>\t\t\t\t<\/div>\n\t\t\t\t<\/div>\n\t\t\t\t<div class=\"elementor-element elementor-element-36be2d6 elementor-widget elementor-widget-heading\" data-id=\"36be2d6\" data-element_type=\"widget\" data-e-type=\"widget\" data-widget_type=\"heading.default\">\n\t\t\t\t<div class=\"elementor-widget-container\">\n\t\t\t\t\t<h5 class=\"elementor-heading-title elementor-size-default\"><a href=\"https:\/\/medium.seznam.cz\/autor\/lubomir-sazecek-5129\" target=\"_blank\">A s\u00e9rie foi publicada AQUI.<\/a><\/h5>\t\t\t\t<\/div>\n\t\t\t\t<\/div>\n\t\t\t\t<div class=\"elementor-element elementor-element-86215ef elementor-grid-4 elementor-grid-mobile-2 elementor-grid-tablet-2 elementor-posts--thumbnail-top elementor-widget elementor-widget-posts\" data-id=\"86215ef\" data-element_type=\"widget\" data-e-type=\"widget\" data-settings=\"{&quot;classic_columns&quot;:&quot;4&quot;,&quot;classic_columns_mobile&quot;:&quot;2&quot;,&quot;classic_columns_tablet&quot;:&quot;2&quot;,&quot;classic_row_gap&quot;:{&quot;unit&quot;:&quot;px&quot;,&quot;size&quot;:35,&quot;sizes&quot;:[]},&quot;classic_row_gap_tablet&quot;:{&quot;unit&quot;:&quot;px&quot;,&quot;size&quot;:&quot;&quot;,&quot;sizes&quot;:[]},&quot;classic_row_gap_mobile&quot;:{&quot;unit&quot;:&quot;px&quot;,&quot;size&quot;:&quot;&quot;,&quot;sizes&quot;:[]}}\" data-widget_type=\"posts.classic\">\n\t\t\t\t<div class=\"elementor-widget-container\">\n\t\t\t\t\t\t\t<div class=\"elementor-posts-container elementor-posts elementor-posts--skin-classic elementor-grid\">\n\t\t\t\t<article class=\"elementor-post elementor-grid-item post-1419 post type-post status-publish format-standard has-post-thumbnail hentry category-rok-v-zajati-unity-spomienky-priameho-ucastnika\">\n\t\t\t\t<a class=\"elementor-post__thumbnail__link\" href=\"https:\/\/www.unesenivangole.socializmus.sk\/pt\/dnes-prozivame-41-vyroci-unosu-v-angole\/\" tabindex=\"-1\" >\n\t\t\t<div class=\"elementor-post__thumbnail\"><img fetchpriority=\"high\" decoding=\"async\" width=\"300\" height=\"200\" src=\"https:\/\/www.unesenivangole.socializmus.sk\/wp-content\/uploads\/2024\/03\/obrazok_2024-03-15_230348353-300x200.png\" class=\"attachment-medium size-medium wp-image-1421\" alt=\"\" srcset=\"https:\/\/www.unesenivangole.socializmus.sk\/wp-content\/uploads\/2024\/03\/obrazok_2024-03-15_230348353-300x200.png 300w, https:\/\/www.unesenivangole.socializmus.sk\/wp-content\/uploads\/2024\/03\/obrazok_2024-03-15_230348353-1024x683.png 1024w, https:\/\/www.unesenivangole.socializmus.sk\/wp-content\/uploads\/2024\/03\/obrazok_2024-03-15_230348353-768x512.png 768w, https:\/\/www.unesenivangole.socializmus.sk\/wp-content\/uploads\/2024\/03\/obrazok_2024-03-15_230348353-1536x1024.png 1536w, https:\/\/www.unesenivangole.socializmus.sk\/wp-content\/uploads\/2024\/03\/obrazok_2024-03-15_230348353-18x12.png 18w, https:\/\/www.unesenivangole.socializmus.sk\/wp-content\/uploads\/2024\/03\/obrazok_2024-03-15_230348353.png 1908w\" sizes=\"(max-width: 300px) 100vw, 300px\" \/><\/div>\n\t\t<\/a>\n\t\t\t\t<div class=\"elementor-post__text\">\n\t\t\t\t<h3 class=\"elementor-post__title\">\n\t\t\t<a href=\"https:\/\/www.unesenivangole.socializmus.sk\/pt\/dnes-prozivame-41-vyroci-unosu-v-angole\/\" >\n\t\t\t\tDnes pro\u017e\u00edv\u00e1me 41. v\u00fdro\u010d\u00ed \u00fanosu v Angole\t\t\t<\/a>\n\t\t<\/h3>\n\t\t\t\t<div class=\"elementor-post__meta-data\">\n\t\t\t\t\t<span class=\"elementor-post-author\">\n\t\t\tLubom\u00edr Saze\u010dek\t\t<\/span>\n\t\t\t\t<span class=\"elementor-post-avatar\">\n\t\t\tSem coment\u00e1rios\t\t<\/span>\n\t\t\t\t<\/div>\n\t\t\t\t<\/div>\n\t\t\t\t<\/article>\n\t\t\t\t<article class=\"elementor-post elementor-grid-item post-1423 post type-post status-publish format-standard has-post-thumbnail hentry category-rok-v-zajati-unity-spomienky-priameho-ucastnika\">\n\t\t\t\t<a class=\"elementor-post__thumbnail__link\" href=\"https:\/\/www.unesenivangole.socializmus.sk\/pt\/kdo-vyresil-nejvetsi-unos-cechoslovaku\/\" tabindex=\"-1\" >\n\t\t\t<div class=\"elementor-post__thumbnail\"><img decoding=\"async\" width=\"300\" height=\"283\" src=\"https:\/\/www.unesenivangole.socializmus.sk\/wp-content\/uploads\/2024\/03\/obrazok_2024-03-15_231321549-300x283.png\" class=\"attachment-medium size-medium wp-image-1425\" alt=\"\" srcset=\"https:\/\/www.unesenivangole.socializmus.sk\/wp-content\/uploads\/2024\/03\/obrazok_2024-03-15_231321549-300x283.png 300w, https:\/\/www.unesenivangole.socializmus.sk\/wp-content\/uploads\/2024\/03\/obrazok_2024-03-15_231321549-13x12.png 13w, https:\/\/www.unesenivangole.socializmus.sk\/wp-content\/uploads\/2024\/03\/obrazok_2024-03-15_231321549.png 535w\" sizes=\"(max-width: 300px) 100vw, 300px\" \/><\/div>\n\t\t<\/a>\n\t\t\t\t<div class=\"elementor-post__text\">\n\t\t\t\t<h3 class=\"elementor-post__title\">\n\t\t\t<a href=\"https:\/\/www.unesenivangole.socializmus.sk\/pt\/kdo-vyresil-nejvetsi-unos-cechoslovaku\/\" >\n\t\t\t\tKdo vy\u0159e\u0161il nejv\u011bt\u0161\u00ed \u00fanos \u010cechoslov\u00e1k\u016f\t\t\t<\/a>\n\t\t<\/h3>\n\t\t\t\t<div class=\"elementor-post__meta-data\">\n\t\t\t\t\t<span class=\"elementor-post-author\">\n\t\t\tLubom\u00edr Saze\u010dek\t\t<\/span>\n\t\t\t\t<span class=\"elementor-post-avatar\">\n\t\t\tSem coment\u00e1rios\t\t<\/span>\n\t\t\t\t<\/div>\n\t\t\t\t<\/div>\n\t\t\t\t<\/article>\n\t\t\t\t<article class=\"elementor-post elementor-grid-item post-1428 post type-post status-publish format-standard has-post-thumbnail hentry category-rok-v-zajati-unity-spomienky-priameho-ucastnika\">\n\t\t\t\t<a class=\"elementor-post__thumbnail__link\" href=\"https:\/\/www.unesenivangole.socializmus.sk\/pt\/jedeme-domu-po-469-dnech-nedobrovolneho-zadrzeni-zpatky-ve-vlasti\/\" tabindex=\"-1\" >\n\t\t\t<div class=\"elementor-post__thumbnail\"><img decoding=\"async\" width=\"300\" height=\"155\" src=\"https:\/\/www.unesenivangole.socializmus.sk\/wp-content\/uploads\/2024\/03\/obrazok_2024-03-15_231609038-300x155.png\" class=\"attachment-medium size-medium wp-image-1430\" alt=\"\" srcset=\"https:\/\/www.unesenivangole.socializmus.sk\/wp-content\/uploads\/2024\/03\/obrazok_2024-03-15_231609038-300x155.png 300w, https:\/\/www.unesenivangole.socializmus.sk\/wp-content\/uploads\/2024\/03\/obrazok_2024-03-15_231609038-1024x529.png 1024w, https:\/\/www.unesenivangole.socializmus.sk\/wp-content\/uploads\/2024\/03\/obrazok_2024-03-15_231609038-768x397.png 768w, https:\/\/www.unesenivangole.socializmus.sk\/wp-content\/uploads\/2024\/03\/obrazok_2024-03-15_231609038-1536x794.png 1536w, https:\/\/www.unesenivangole.socializmus.sk\/wp-content\/uploads\/2024\/03\/obrazok_2024-03-15_231609038-2048x1058.png 2048w, https:\/\/www.unesenivangole.socializmus.sk\/wp-content\/uploads\/2024\/03\/obrazok_2024-03-15_231609038-18x9.png 18w\" sizes=\"(max-width: 300px) 100vw, 300px\" \/><\/div>\n\t\t<\/a>\n\t\t\t\t<div class=\"elementor-post__text\">\n\t\t\t\t<h3 class=\"elementor-post__title\">\n\t\t\t<a href=\"https:\/\/www.unesenivangole.socializmus.sk\/pt\/jedeme-domu-po-469-dnech-nedobrovolneho-zadrzeni-zpatky-ve-vlasti\/\" >\n\t\t\t\tJedeme dom\u016f, po 469 dnech nedobrovoln\u00e9ho zadr\u017een\u00ed zp\u00e1tky ve vlasti\t\t\t<\/a>\n\t\t<\/h3>\n\t\t\t\t<div class=\"elementor-post__meta-data\">\n\t\t\t\t\t<span class=\"elementor-post-author\">\n\t\t\tLubom\u00edr Saze\u010dek\t\t<\/span>\n\t\t\t\t<span class=\"elementor-post-avatar\">\n\t\t\tSem coment\u00e1rios\t\t<\/span>\n\t\t\t\t<\/div>\n\t\t\t\t<\/div>\n\t\t\t\t<\/article>\n\t\t\t\t<article class=\"elementor-post elementor-grid-item post-1435 post type-post status-publish format-standard has-post-thumbnail hentry category-rok-v-zajati-unity-spomienky-priameho-ucastnika\">\n\t\t\t\t<a class=\"elementor-post__thumbnail__link\" href=\"https:\/\/www.unesenivangole.socializmus.sk\/pt\/400-dni-trvajici-zadrzeni-v-divocine-konec-uz-se-tajne-chysta-nasich-20-muzu-to-ale-jeste-netusi\/\" tabindex=\"-1\" >\n\t\t\t<div class=\"elementor-post__thumbnail\"><img loading=\"lazy\" decoding=\"async\" width=\"300\" height=\"157\" src=\"https:\/\/www.unesenivangole.socializmus.sk\/wp-content\/uploads\/2023\/09\/obrazok_2024-03-15_232408557-300x157.png\" class=\"attachment-medium size-medium wp-image-1440\" alt=\"\" srcset=\"https:\/\/www.unesenivangole.socializmus.sk\/wp-content\/uploads\/2023\/09\/obrazok_2024-03-15_232408557-300x157.png 300w, https:\/\/www.unesenivangole.socializmus.sk\/wp-content\/uploads\/2023\/09\/obrazok_2024-03-15_232408557-1024x536.png 1024w, https:\/\/www.unesenivangole.socializmus.sk\/wp-content\/uploads\/2023\/09\/obrazok_2024-03-15_232408557-768x402.png 768w, https:\/\/www.unesenivangole.socializmus.sk\/wp-content\/uploads\/2023\/09\/obrazok_2024-03-15_232408557-18x9.png 18w, https:\/\/www.unesenivangole.socializmus.sk\/wp-content\/uploads\/2023\/09\/obrazok_2024-03-15_232408557.png 1247w\" sizes=\"(max-width: 300px) 100vw, 300px\" \/><\/div>\n\t\t<\/a>\n\t\t\t\t<div class=\"elementor-post__text\">\n\t\t\t\t<h3 class=\"elementor-post__title\">\n\t\t\t<a href=\"https:\/\/www.unesenivangole.socializmus.sk\/pt\/400-dni-trvajici-zadrzeni-v-divocine-konec-uz-se-tajne-chysta-nasich-20-muzu-to-ale-jeste-netusi\/\" >\n\t\t\t\t400 dn\u00ed trvaj\u00edc\u00ed zadr\u017een\u00ed v divo\u010din\u011b. Konec u\u017e se tajn\u011b chyst\u00e1. Na\u0161ich 20 mu\u017e\u016f to ale je\u0161t\u011b netu\u0161\u00ed\t\t\t<\/a>\n\t\t<\/h3>\n\t\t\t\t<div class=\"elementor-post__meta-data\">\n\t\t\t\t\t<span class=\"elementor-post-author\">\n\t\t\tLubom\u00edr Saze\u010dek\t\t<\/span>\n\t\t\t\t<span class=\"elementor-post-avatar\">\n\t\t\tSem coment\u00e1rios\t\t<\/span>\n\t\t\t\t<\/div>\n\t\t\t\t<\/div>\n\t\t\t\t<\/article>\n\t\t\t\t<article class=\"elementor-post elementor-grid-item post-1441 post type-post status-publish format-standard has-post-thumbnail hentry category-rok-v-zajati-unity-spomienky-priameho-ucastnika\">\n\t\t\t\t<a class=\"elementor-post__thumbnail__link\" href=\"https:\/\/www.unesenivangole.socializmus.sk\/pt\/hladovy-lev-cekal-u-studni-ledy-se-pohnuly-cechoslovaky-zachranil-belgican-emigranti-byli-proti\/\" tabindex=\"-1\" >\n\t\t\t<div class=\"elementor-post__thumbnail\"><img loading=\"lazy\" decoding=\"async\" width=\"300\" height=\"225\" src=\"https:\/\/www.unesenivangole.socializmus.sk\/wp-content\/uploads\/2024\/03\/obrazok_2024-03-15_232511080-300x225.png\" class=\"attachment-medium size-medium wp-image-1443\" alt=\"\" srcset=\"https:\/\/www.unesenivangole.socializmus.sk\/wp-content\/uploads\/2024\/03\/obrazok_2024-03-15_232511080-300x225.png 300w, https:\/\/www.unesenivangole.socializmus.sk\/wp-content\/uploads\/2024\/03\/obrazok_2024-03-15_232511080-1024x768.png 1024w, https:\/\/www.unesenivangole.socializmus.sk\/wp-content\/uploads\/2024\/03\/obrazok_2024-03-15_232511080-768x576.png 768w, https:\/\/www.unesenivangole.socializmus.sk\/wp-content\/uploads\/2024\/03\/obrazok_2024-03-15_232511080-1536x1152.png 1536w, https:\/\/www.unesenivangole.socializmus.sk\/wp-content\/uploads\/2024\/03\/obrazok_2024-03-15_232511080-16x12.png 16w, https:\/\/www.unesenivangole.socializmus.sk\/wp-content\/uploads\/2024\/03\/obrazok_2024-03-15_232511080.png 1600w\" sizes=\"(max-width: 300px) 100vw, 300px\" \/><\/div>\n\t\t<\/a>\n\t\t\t\t<div class=\"elementor-post__text\">\n\t\t\t\t<h3 class=\"elementor-post__title\">\n\t\t\t<a href=\"https:\/\/www.unesenivangole.socializmus.sk\/pt\/hladovy-lev-cekal-u-studni-ledy-se-pohnuly-cechoslovaky-zachranil-belgican-emigranti-byli-proti\/\" >\n\t\t\t\tHladov\u00fd lev \u010dekal u studn\u00ed. Ledy se pohnuly, \u010cechoslov\u00e1ky zachr\u00e1nil Belgi\u010dan. Emigranti byli proti\t\t\t<\/a>\n\t\t<\/h3>\n\t\t\t\t<div class=\"elementor-post__meta-data\">\n\t\t\t\t\t<span class=\"elementor-post-author\">\n\t\t\tLubom\u00edr Saze\u010dek\t\t<\/span>\n\t\t\t\t<span class=\"elementor-post-avatar\">\n\t\t\tSem coment\u00e1rios\t\t<\/span>\n\t\t\t\t<\/div>\n\t\t\t\t<\/div>\n\t\t\t\t<\/article>\n\t\t\t\t<article class=\"elementor-post elementor-grid-item post-1454 post type-post status-publish format-standard has-post-thumbnail hentry category-rok-v-zajati-unity-spomienky-priameho-ucastnika\">\n\t\t\t\t<a class=\"elementor-post__thumbnail__link\" href=\"https:\/\/www.unesenivangole.socializmus.sk\/pt\/po-ctyrmesicnim-vezneni-v-busi-sverovat-pozdrav-domu-na-mikrofon-je-pro-nekoho-zahul\/\" tabindex=\"-1\" >\n\t\t\t<div class=\"elementor-post__thumbnail\"><img loading=\"lazy\" decoding=\"async\" width=\"300\" height=\"192\" src=\"https:\/\/www.unesenivangole.socializmus.sk\/wp-content\/uploads\/2024\/03\/obrazok_2024-03-15_233648379-300x192.png\" class=\"attachment-medium size-medium wp-image-1456\" alt=\"\" srcset=\"https:\/\/www.unesenivangole.socializmus.sk\/wp-content\/uploads\/2024\/03\/obrazok_2024-03-15_233648379-300x192.png 300w, https:\/\/www.unesenivangole.socializmus.sk\/wp-content\/uploads\/2024\/03\/obrazok_2024-03-15_233648379-1024x654.png 1024w, https:\/\/www.unesenivangole.socializmus.sk\/wp-content\/uploads\/2024\/03\/obrazok_2024-03-15_233648379-768x491.png 768w, https:\/\/www.unesenivangole.socializmus.sk\/wp-content\/uploads\/2024\/03\/obrazok_2024-03-15_233648379-1536x981.png 1536w, https:\/\/www.unesenivangole.socializmus.sk\/wp-content\/uploads\/2024\/03\/obrazok_2024-03-15_233648379-18x12.png 18w, https:\/\/www.unesenivangole.socializmus.sk\/wp-content\/uploads\/2024\/03\/obrazok_2024-03-15_233648379.png 1792w\" sizes=\"(max-width: 300px) 100vw, 300px\" \/><\/div>\n\t\t<\/a>\n\t\t\t\t<div class=\"elementor-post__text\">\n\t\t\t\t<h3 class=\"elementor-post__title\">\n\t\t\t<a href=\"https:\/\/www.unesenivangole.socializmus.sk\/pt\/po-ctyrmesicnim-vezneni-v-busi-sverovat-pozdrav-domu-na-mikrofon-je-pro-nekoho-zahul\/\" >\n\t\t\t\tPo \u010dty\u0159m\u011bs\u00ed\u010dn\u00edm v\u011bzn\u011bn\u00ed v bu\u0161i sv\u011b\u0159ovat pozdrav dom\u016f na mikrofon je pro n\u011bkoho z\u00e1hul!\t\t\t<\/a>\n\t\t<\/h3>\n\t\t\t\t<div class=\"elementor-post__meta-data\">\n\t\t\t\t\t<span class=\"elementor-post-author\">\n\t\t\tLubom\u00edr Saze\u010dek\t\t<\/span>\n\t\t\t\t<span class=\"elementor-post-avatar\">\n\t\t\tSem coment\u00e1rios\t\t<\/span>\n\t\t\t\t<\/div>\n\t\t\t\t<\/div>\n\t\t\t\t<\/article>\n\t\t\t\t<article class=\"elementor-post elementor-grid-item post-1448 post type-post status-publish format-standard has-post-thumbnail hentry category-rok-v-zajati-unity-spomienky-priameho-ucastnika\">\n\t\t\t\t<a class=\"elementor-post__thumbnail__link\" href=\"https:\/\/www.unesenivangole.socializmus.sk\/pt\/olympijska-vesnice-ideologicke-vytezovani-a-po-deviti-mesicich-prvni-jednani-o-propusteni-zajatcu\/\" tabindex=\"-1\" >\n\t\t\t<div class=\"elementor-post__thumbnail\"><img loading=\"lazy\" decoding=\"async\" width=\"300\" height=\"200\" src=\"https:\/\/www.unesenivangole.socializmus.sk\/wp-content\/uploads\/2024\/03\/obrazok_2024-03-15_233136377-300x200.png\" class=\"attachment-medium size-medium wp-image-1450\" alt=\"\" srcset=\"https:\/\/www.unesenivangole.socializmus.sk\/wp-content\/uploads\/2024\/03\/obrazok_2024-03-15_233136377-300x200.png 300w, https:\/\/www.unesenivangole.socializmus.sk\/wp-content\/uploads\/2024\/03\/obrazok_2024-03-15_233136377-1024x683.png 1024w, https:\/\/www.unesenivangole.socializmus.sk\/wp-content\/uploads\/2024\/03\/obrazok_2024-03-15_233136377-768x512.png 768w, https:\/\/www.unesenivangole.socializmus.sk\/wp-content\/uploads\/2024\/03\/obrazok_2024-03-15_233136377-1536x1024.png 1536w, https:\/\/www.unesenivangole.socializmus.sk\/wp-content\/uploads\/2024\/03\/obrazok_2024-03-15_233136377-18x12.png 18w, https:\/\/www.unesenivangole.socializmus.sk\/wp-content\/uploads\/2024\/03\/obrazok_2024-03-15_233136377.png 1908w\" sizes=\"(max-width: 300px) 100vw, 300px\" \/><\/div>\n\t\t<\/a>\n\t\t\t\t<div class=\"elementor-post__text\">\n\t\t\t\t<h3 class=\"elementor-post__title\">\n\t\t\t<a href=\"https:\/\/www.unesenivangole.socializmus.sk\/pt\/olympijska-vesnice-ideologicke-vytezovani-a-po-deviti-mesicich-prvni-jednani-o-propusteni-zajatcu\/\" >\n\t\t\t\tOlympijsk\u00e1 vesnice, ideologick\u00e9 vyt\u011b\u017eov\u00e1n\u00ed a po dev\u00edti m\u011bs\u00edc\u00edch prvn\u00ed jedn\u00e1n\u00ed o propu\u0161t\u011bn\u00ed zajatc\u016f\t\t\t<\/a>\n\t\t<\/h3>\n\t\t\t\t<div class=\"elementor-post__meta-data\">\n\t\t\t\t\t<span class=\"elementor-post-author\">\n\t\t\tLubom\u00edr Saze\u010dek\t\t<\/span>\n\t\t\t\t<span class=\"elementor-post-avatar\">\n\t\t\tSem coment\u00e1rios\t\t<\/span>\n\t\t\t\t<\/div>\n\t\t\t\t<\/div>\n\t\t\t\t<\/article>\n\t\t\t\t<article class=\"elementor-post elementor-grid-item post-486 post type-post status-publish format-standard has-post-thumbnail hentry category-rok-v-zajati-unity-spomienky-priameho-ucastnika\">\n\t\t\t\t<a class=\"elementor-post__thumbnail__link\" href=\"https:\/\/www.unesenivangole.socializmus.sk\/pt\/pozar-buse-vyhlaseni-izolace-pro-zajatce-mrtva-hyena-a-snedeny-buvolec\/\" tabindex=\"-1\" >\n\t\t\t<div class=\"elementor-post__thumbnail\"><img loading=\"lazy\" decoding=\"async\" width=\"300\" height=\"169\" src=\"https:\/\/www.unesenivangole.socializmus.sk\/wp-content\/uploads\/2023\/08\/obrazok_2023-08-15_005653290-300x169.png\" class=\"attachment-medium size-medium wp-image-488\" alt=\"\" srcset=\"https:\/\/www.unesenivangole.socializmus.sk\/wp-content\/uploads\/2023\/08\/obrazok_2023-08-15_005653290-300x169.png 300w, https:\/\/www.unesenivangole.socializmus.sk\/wp-content\/uploads\/2023\/08\/obrazok_2023-08-15_005653290.png 722w\" sizes=\"(max-width: 300px) 100vw, 300px\" \/><\/div>\n\t\t<\/a>\n\t\t\t\t<div class=\"elementor-post__text\">\n\t\t\t\t<h3 class=\"elementor-post__title\">\n\t\t\t<a href=\"https:\/\/www.unesenivangole.socializmus.sk\/pt\/pozar-buse-vyhlaseni-izolace-pro-zajatce-mrtva-hyena-a-snedeny-buvolec\/\" >\n\t\t\t\tPo\u017e\u00e1r bu\u0161e, vyhl\u00e1\u0161en\u00ed izolace pro zajatce, mrtv\u00e1 hyena a sn\u011bden\u00fd buvolec\t\t\t<\/a>\n\t\t<\/h3>\n\t\t\t\t<div class=\"elementor-post__meta-data\">\n\t\t\t\t\t<span class=\"elementor-post-author\">\n\t\t\tLubom\u00edr Saze\u010dek\t\t<\/span>\n\t\t\t\t<span class=\"elementor-post-avatar\">\n\t\t\tSem coment\u00e1rios\t\t<\/span>\n\t\t\t\t<\/div>\n\t\t\t\t<\/div>\n\t\t\t\t<\/article>\n\t\t\t\t<article class=\"elementor-post elementor-grid-item post-481 post type-post status-publish format-standard has-post-thumbnail hentry category-rok-v-zajati-unity-spomienky-priameho-ucastnika\">\n\t\t\t\t<a class=\"elementor-post__thumbnail__link\" href=\"https:\/\/www.unesenivangole.socializmus.sk\/pt\/skoncil-hlad-a-vysilovani-v-horach-a-lesich-nastupuje-psychicky-tlak-a-impotentni-ev-parlament\/\" tabindex=\"-1\" >\n\t\t\t<div class=\"elementor-post__thumbnail\"><img loading=\"lazy\" decoding=\"async\" width=\"300\" height=\"169\" src=\"https:\/\/www.unesenivangole.socializmus.sk\/wp-content\/uploads\/2023\/08\/obrazok_2023-08-15_005532370-300x169.png\" class=\"attachment-medium size-medium wp-image-483\" alt=\"\" srcset=\"https:\/\/www.unesenivangole.socializmus.sk\/wp-content\/uploads\/2023\/08\/obrazok_2023-08-15_005532370-300x169.png 300w, https:\/\/www.unesenivangole.socializmus.sk\/wp-content\/uploads\/2023\/08\/obrazok_2023-08-15_005532370.png 722w\" sizes=\"(max-width: 300px) 100vw, 300px\" \/><\/div>\n\t\t<\/a>\n\t\t\t\t<div class=\"elementor-post__text\">\n\t\t\t\t<h3 class=\"elementor-post__title\">\n\t\t\t<a href=\"https:\/\/www.unesenivangole.socializmus.sk\/pt\/skoncil-hlad-a-vysilovani-v-horach-a-lesich-nastupuje-psychicky-tlak-a-impotentni-ev-parlament\/\" >\n\t\t\t\tSkon\u010dil hlad a vysilov\u00e1n\u00ed v hor\u00e1ch a les\u00edch, nastupuje psychick\u00fd tlak a  impotentn\u00ed Ev. Parlament\t\t\t<\/a>\n\t\t<\/h3>\n\t\t\t\t<div class=\"elementor-post__meta-data\">\n\t\t\t\t\t<span class=\"elementor-post-author\">\n\t\t\tLubom\u00edr Saze\u010dek\t\t<\/span>\n\t\t\t\t<span class=\"elementor-post-avatar\">\n\t\t\tSem coment\u00e1rios\t\t<\/span>\n\t\t\t\t<\/div>\n\t\t\t\t<\/div>\n\t\t\t\t<\/article>\n\t\t\t\t<article class=\"elementor-post elementor-grid-item post-477 post type-post status-publish format-standard has-post-thumbnail hentry category-rok-v-zajati-unity-spomienky-priameho-ucastnika\">\n\t\t\t\t<a class=\"elementor-post__thumbnail__link\" href=\"https:\/\/www.unesenivangole.socializmus.sk\/pt\/po-111-dnech-skoncilo-africke-martyrium-euforie-byla-neskutecna-o-mrtvem-jardovi-doma-nevedeli\/\" tabindex=\"-1\" >\n\t\t\t<div class=\"elementor-post__thumbnail\"><img loading=\"lazy\" decoding=\"async\" width=\"300\" height=\"169\" src=\"https:\/\/www.unesenivangole.socializmus.sk\/wp-content\/uploads\/2023\/08\/obrazok_2023-08-15_005434910-300x169.png\" class=\"attachment-medium size-medium wp-image-479\" alt=\"\" srcset=\"https:\/\/www.unesenivangole.socializmus.sk\/wp-content\/uploads\/2023\/08\/obrazok_2023-08-15_005434910-300x169.png 300w, https:\/\/www.unesenivangole.socializmus.sk\/wp-content\/uploads\/2023\/08\/obrazok_2023-08-15_005434910.png 722w\" sizes=\"(max-width: 300px) 100vw, 300px\" \/><\/div>\n\t\t<\/a>\n\t\t\t\t<div class=\"elementor-post__text\">\n\t\t\t\t<h3 class=\"elementor-post__title\">\n\t\t\t<a href=\"https:\/\/www.unesenivangole.socializmus.sk\/pt\/po-111-dnech-skoncilo-africke-martyrium-euforie-byla-neskutecna-o-mrtvem-jardovi-doma-nevedeli\/\" >\n\t\t\t\tPo 111 dnech skon\u010dilo africk\u00e9 martyrium. Euforie byla neskute\u010dn\u00e1. O mrtv\u00e9m Jardovi doma nev\u011bd\u011bli!\t\t\t<\/a>\n\t\t<\/h3>\n\t\t\t\t<div class=\"elementor-post__meta-data\">\n\t\t\t\t\t<span class=\"elementor-post-author\">\n\t\t\tLubom\u00edr Saze\u010dek\t\t<\/span>\n\t\t\t\t<span class=\"elementor-post-avatar\">\n\t\t\tSem coment\u00e1rios\t\t<\/span>\n\t\t\t\t<\/div>\n\t\t\t\t<\/div>\n\t\t\t\t<\/article>\n\t\t\t\t<article class=\"elementor-post elementor-grid-item post-473 post type-post status-publish format-standard has-post-thumbnail hentry category-rok-v-zajati-unity-spomienky-priameho-ucastnika\">\n\t\t\t\t<a class=\"elementor-post__thumbnail__link\" href=\"https:\/\/www.unesenivangole.socializmus.sk\/pt\/drsna-perspektiva-pro-20-zajatych-cs-muzu-v-africe-jak-dlouho-budou-psychicky-trpet-v-divokem-busi\/\" tabindex=\"-1\" >\n\t\t\t<div class=\"elementor-post__thumbnail\"><img loading=\"lazy\" decoding=\"async\" width=\"300\" height=\"169\" src=\"https:\/\/www.unesenivangole.socializmus.sk\/wp-content\/uploads\/2023\/08\/obrazok_2023-08-15_005331275-300x169.png\" class=\"attachment-medium size-medium wp-image-475\" alt=\"\" srcset=\"https:\/\/www.unesenivangole.socializmus.sk\/wp-content\/uploads\/2023\/08\/obrazok_2023-08-15_005331275-300x169.png 300w, https:\/\/www.unesenivangole.socializmus.sk\/wp-content\/uploads\/2023\/08\/obrazok_2023-08-15_005331275.png 722w\" sizes=\"(max-width: 300px) 100vw, 300px\" \/><\/div>\n\t\t<\/a>\n\t\t\t\t<div class=\"elementor-post__text\">\n\t\t\t\t<h3 class=\"elementor-post__title\">\n\t\t\t<a href=\"https:\/\/www.unesenivangole.socializmus.sk\/pt\/drsna-perspektiva-pro-20-zajatych-cs-muzu-v-africe-jak-dlouho-budou-psychicky-trpet-v-divokem-busi\/\" >\n\t\t\t\tDrsn\u00e1 perspektiva pro 20 zajat\u00fdch \u010ds. mu\u017e\u016f v Africe. Jak dlouho budou psychicky trp\u011bt v divok\u00e9m bu\u0161i\t\t\t<\/a>\n\t\t<\/h3>\n\t\t\t\t<div class=\"elementor-post__meta-data\">\n\t\t\t\t\t<span class=\"elementor-post-author\">\n\t\t\tLubom\u00edr Saze\u010dek\t\t<\/span>\n\t\t\t\t<span class=\"elementor-post-avatar\">\n\t\t\tSem coment\u00e1rios\t\t<\/span>\n\t\t\t\t<\/div>\n\t\t\t\t<\/div>\n\t\t\t\t<\/article>\n\t\t\t\t<article class=\"elementor-post elementor-grid-item post-468 post type-post status-publish format-standard has-post-thumbnail hentry category-rok-v-zajati-unity-spomienky-priameho-ucastnika\">\n\t\t\t\t<a class=\"elementor-post__thumbnail__link\" href=\"https:\/\/www.unesenivangole.socializmus.sk\/pt\/pro-45-zen-deti-a-nemocnych-muzu-po-110-dnech-konci-angolske-utrpeni\/\" tabindex=\"-1\" >\n\t\t\t<div class=\"elementor-post__thumbnail\"><img loading=\"lazy\" decoding=\"async\" width=\"300\" height=\"169\" src=\"https:\/\/www.unesenivangole.socializmus.sk\/wp-content\/uploads\/2023\/08\/obrazok_2023-08-15_005235324-300x169.png\" class=\"attachment-medium size-medium wp-image-470\" alt=\"\" srcset=\"https:\/\/www.unesenivangole.socializmus.sk\/wp-content\/uploads\/2023\/08\/obrazok_2023-08-15_005235324-300x169.png 300w, https:\/\/www.unesenivangole.socializmus.sk\/wp-content\/uploads\/2023\/08\/obrazok_2023-08-15_005235324.png 722w\" sizes=\"(max-width: 300px) 100vw, 300px\" \/><\/div>\n\t\t<\/a>\n\t\t\t\t<div class=\"elementor-post__text\">\n\t\t\t\t<h3 class=\"elementor-post__title\">\n\t\t\t<a href=\"https:\/\/www.unesenivangole.socializmus.sk\/pt\/pro-45-zen-deti-a-nemocnych-muzu-po-110-dnech-konci-angolske-utrpeni\/\" >\n\t\t\t\tPro 45 \u017een, d\u011bt\u00ed a nemocn\u00fdch mu\u017e\u016f po 110 dnech kon\u010d\u00ed angolsk\u00e9 utrpen\u00ed!\t\t\t<\/a>\n\t\t<\/h3>\n\t\t\t\t<div class=\"elementor-post__meta-data\">\n\t\t\t\t\t<span class=\"elementor-post-author\">\n\t\t\tLubom\u00edr Saze\u010dek\t\t<\/span>\n\t\t\t\t<span class=\"elementor-post-avatar\">\n\t\t\tSem coment\u00e1rios\t\t<\/span>\n\t\t\t\t<\/div>\n\t\t\t\t<\/div>\n\t\t\t\t<\/article>\n\t\t\t\t<article class=\"elementor-post elementor-grid-item post-464 post type-post status-publish format-standard has-post-thumbnail hentry category-rok-v-zajati-unity-spomienky-priameho-ucastnika\">\n\t\t\t\t<a class=\"elementor-post__thumbnail__link\" href=\"https:\/\/www.unesenivangole.socializmus.sk\/pt\/zajati-cechoslovaci-dorazili-do-hlavniho-mesta-unita-jamba-pozdravil-je-general-savimbi\/\" tabindex=\"-1\" >\n\t\t\t<div class=\"elementor-post__thumbnail\"><img loading=\"lazy\" decoding=\"async\" width=\"300\" height=\"169\" src=\"https:\/\/www.unesenivangole.socializmus.sk\/wp-content\/uploads\/2023\/08\/obrazok_2023-08-15_005118802-300x169.png\" class=\"attachment-medium size-medium wp-image-466\" alt=\"\" srcset=\"https:\/\/www.unesenivangole.socializmus.sk\/wp-content\/uploads\/2023\/08\/obrazok_2023-08-15_005118802-300x169.png 300w, https:\/\/www.unesenivangole.socializmus.sk\/wp-content\/uploads\/2023\/08\/obrazok_2023-08-15_005118802.png 715w\" sizes=\"(max-width: 300px) 100vw, 300px\" \/><\/div>\n\t\t<\/a>\n\t\t\t\t<div class=\"elementor-post__text\">\n\t\t\t\t<h3 class=\"elementor-post__title\">\n\t\t\t<a href=\"https:\/\/www.unesenivangole.socializmus.sk\/pt\/zajati-cechoslovaci-dorazili-do-hlavniho-mesta-unita-jamba-pozdravil-je-general-savimbi\/\" >\n\t\t\t\tZajat\u00ed \u010cechoslov\u00e1ci dorazili do hlavn\u00edho m\u011bsta UNITA Jamba. Pozdravil je gener\u00e1l Savimbi\t\t\t<\/a>\n\t\t<\/h3>\n\t\t\t\t<div class=\"elementor-post__meta-data\">\n\t\t\t\t\t<span class=\"elementor-post-author\">\n\t\t\tLubom\u00edr Saze\u010dek\t\t<\/span>\n\t\t\t\t<span class=\"elementor-post-avatar\">\n\t\t\tSem coment\u00e1rios\t\t<\/span>\n\t\t\t\t<\/div>\n\t\t\t\t<\/div>\n\t\t\t\t<\/article>\n\t\t\t\t<article class=\"elementor-post elementor-grid-item post-460 post type-post status-publish format-standard has-post-thumbnail hentry category-rok-v-zajati-unity-spomienky-priameho-ucastnika\">\n\t\t\t\t<a class=\"elementor-post__thumbnail__link\" href=\"https:\/\/www.unesenivangole.socializmus.sk\/pt\/jdeme-angolou-pod-samopaly-uz-na-doraz-v-nohach-tezkych-570-kilometru-dal-uz-o-jednoho-min\/\" tabindex=\"-1\" >\n\t\t\t<div class=\"elementor-post__thumbnail\"><img loading=\"lazy\" decoding=\"async\" width=\"300\" height=\"169\" src=\"https:\/\/www.unesenivangole.socializmus.sk\/wp-content\/uploads\/2023\/08\/obrazok_2023-08-15_005017376-300x169.png\" class=\"attachment-medium size-medium wp-image-462\" alt=\"\" srcset=\"https:\/\/www.unesenivangole.socializmus.sk\/wp-content\/uploads\/2023\/08\/obrazok_2023-08-15_005017376-300x169.png 300w, https:\/\/www.unesenivangole.socializmus.sk\/wp-content\/uploads\/2023\/08\/obrazok_2023-08-15_005017376.png 722w\" sizes=\"(max-width: 300px) 100vw, 300px\" \/><\/div>\n\t\t<\/a>\n\t\t\t\t<div class=\"elementor-post__text\">\n\t\t\t\t<h3 class=\"elementor-post__title\">\n\t\t\t<a href=\"https:\/\/www.unesenivangole.socializmus.sk\/pt\/jdeme-angolou-pod-samopaly-uz-na-doraz-v-nohach-tezkych-570-kilometru-dal-uz-o-jednoho-min\/\" >\n\t\t\t\tJdeme Angolou pod samopaly u\u017e na doraz, v noh\u00e1ch t\u011b\u017ek\u00fdch 570 kilometr\u016f. D\u00e1l u\u017e o jednoho m\u00ed\u0148\t\t\t<\/a>\n\t\t<\/h3>\n\t\t\t\t<div class=\"elementor-post__meta-data\">\n\t\t\t\t\t<span class=\"elementor-post-author\">\n\t\t\tLubom\u00edr Saze\u010dek\t\t<\/span>\n\t\t\t\t<span class=\"elementor-post-avatar\">\n\t\t\tSem coment\u00e1rios\t\t<\/span>\n\t\t\t\t<\/div>\n\t\t\t\t<\/div>\n\t\t\t\t<\/article>\n\t\t\t\t<article class=\"elementor-post elementor-grid-item post-453 post type-post status-publish format-standard has-post-thumbnail hentry category-rok-v-zajati-unity-spomienky-priameho-ucastnika\">\n\t\t\t\t<a class=\"elementor-post__thumbnail__link\" href=\"https:\/\/www.unesenivangole.socializmus.sk\/pt\/koncime-1320-km-pesi-cast-cesty-divokou-angolou-safari-pokracuje-hlavne-v-noci\/\" tabindex=\"-1\" >\n\t\t\t<div class=\"elementor-post__thumbnail\"><img loading=\"lazy\" decoding=\"async\" width=\"300\" height=\"169\" src=\"https:\/\/www.unesenivangole.socializmus.sk\/wp-content\/uploads\/2023\/08\/obrazok_2023-08-15_004920762-300x169.png\" class=\"attachment-medium size-medium wp-image-455\" alt=\"\" srcset=\"https:\/\/www.unesenivangole.socializmus.sk\/wp-content\/uploads\/2023\/08\/obrazok_2023-08-15_004920762-300x169.png 300w, https:\/\/www.unesenivangole.socializmus.sk\/wp-content\/uploads\/2023\/08\/obrazok_2023-08-15_004920762.png 722w\" sizes=\"(max-width: 300px) 100vw, 300px\" \/><\/div>\n\t\t<\/a>\n\t\t\t\t<div class=\"elementor-post__text\">\n\t\t\t\t<h3 class=\"elementor-post__title\">\n\t\t\t<a href=\"https:\/\/www.unesenivangole.socializmus.sk\/pt\/koncime-1320-km-pesi-cast-cesty-divokou-angolou-safari-pokracuje-hlavne-v-noci\/\" >\n\t\t\t\tKon\u010d\u00edme 1320 km p\u011b\u0161\u00ed \u010d\u00e1st cesty divokou Angolou. Safari pokra\u010duje hlavn\u011b v noci.\t\t\t<\/a>\n\t\t<\/h3>\n\t\t\t\t<div class=\"elementor-post__meta-data\">\n\t\t\t\t\t<span class=\"elementor-post-author\">\n\t\t\tLubom\u00edr Saze\u010dek\t\t<\/span>\n\t\t\t\t<span class=\"elementor-post-avatar\">\n\t\t\tSem coment\u00e1rios\t\t<\/span>\n\t\t\t\t<\/div>\n\t\t\t\t<\/div>\n\t\t\t\t<\/article>\n\t\t\t\t<article class=\"elementor-post elementor-grid-item post-449 post type-post status-publish format-standard has-post-thumbnail hentry category-rok-v-zajati-unity-spomienky-priameho-ucastnika\">\n\t\t\t\t<a class=\"elementor-post__thumbnail__link\" href=\"https:\/\/www.unesenivangole.socializmus.sk\/pt\/prekonana-klicova-zeleznice-mirime-na-jih-angoly-konec-tragicke-cesty-je-v-nedohlednu\/\" tabindex=\"-1\" >\n\t\t\t<div class=\"elementor-post__thumbnail\"><img loading=\"lazy\" decoding=\"async\" width=\"300\" height=\"169\" src=\"https:\/\/www.unesenivangole.socializmus.sk\/wp-content\/uploads\/2023\/08\/obrazok_2023-08-15_004757726-300x169.png\" class=\"attachment-medium size-medium wp-image-451\" alt=\"\" srcset=\"https:\/\/www.unesenivangole.socializmus.sk\/wp-content\/uploads\/2023\/08\/obrazok_2023-08-15_004757726-300x169.png 300w, https:\/\/www.unesenivangole.socializmus.sk\/wp-content\/uploads\/2023\/08\/obrazok_2023-08-15_004757726.png 722w\" sizes=\"(max-width: 300px) 100vw, 300px\" \/><\/div>\n\t\t<\/a>\n\t\t\t\t<div class=\"elementor-post__text\">\n\t\t\t\t<h3 class=\"elementor-post__title\">\n\t\t\t<a href=\"https:\/\/www.unesenivangole.socializmus.sk\/pt\/prekonana-klicova-zeleznice-mirime-na-jih-angoly-konec-tragicke-cesty-je-v-nedohlednu\/\" >\n\t\t\t\tP\u0159ekonan\u00e1 kl\u00ed\u010dov\u00e1 \u017eeleznice, m\u00ed\u0159\u00edme na jih Angoly, konec tragick\u00e9 cesty je v nedohlednu\t\t\t<\/a>\n\t\t<\/h3>\n\t\t\t\t<div class=\"elementor-post__meta-data\">\n\t\t\t\t\t<span class=\"elementor-post-author\">\n\t\t\tLubom\u00edr Saze\u010dek\t\t<\/span>\n\t\t\t\t<span class=\"elementor-post-avatar\">\n\t\t\tSem coment\u00e1rios\t\t<\/span>\n\t\t\t\t<\/div>\n\t\t\t\t<\/div>\n\t\t\t\t<\/article>\n\t\t\t\t<article class=\"elementor-post elementor-grid-item post-445 post type-post status-publish format-standard has-post-thumbnail hentry category-rok-v-zajati-unity-spomienky-priameho-ucastnika\">\n\t\t\t\t<a class=\"elementor-post__thumbnail__link\" href=\"https:\/\/www.unesenivangole.socializmus.sk\/pt\/angolska-anabaze-zajatych-cechoslovaku-pokracuje-nejistota-pretrvava\/\" tabindex=\"-1\" >\n\t\t\t<div class=\"elementor-post__thumbnail\"><img loading=\"lazy\" decoding=\"async\" width=\"300\" height=\"169\" src=\"https:\/\/www.unesenivangole.socializmus.sk\/wp-content\/uploads\/2023\/08\/obrazok_2023-08-15_004706522-300x169.png\" class=\"attachment-medium size-medium wp-image-447\" alt=\"\" srcset=\"https:\/\/www.unesenivangole.socializmus.sk\/wp-content\/uploads\/2023\/08\/obrazok_2023-08-15_004706522-300x169.png 300w, https:\/\/www.unesenivangole.socializmus.sk\/wp-content\/uploads\/2023\/08\/obrazok_2023-08-15_004706522.png 722w\" sizes=\"(max-width: 300px) 100vw, 300px\" \/><\/div>\n\t\t<\/a>\n\t\t\t\t<div class=\"elementor-post__text\">\n\t\t\t\t<h3 class=\"elementor-post__title\">\n\t\t\t<a href=\"https:\/\/www.unesenivangole.socializmus.sk\/pt\/angolska-anabaze-zajatych-cechoslovaku-pokracuje-nejistota-pretrvava\/\" >\n\t\t\t\tAngolsk\u00e1 anab\u00e1ze zajat\u00fdch \u010cechoslov\u00e1k\u016f pokra\u010duje! Nejistota p\u0159etrv\u00e1v\u00e1\t\t\t<\/a>\n\t\t<\/h3>\n\t\t\t\t<div class=\"elementor-post__meta-data\">\n\t\t\t\t\t<span class=\"elementor-post-author\">\n\t\t\tLubom\u00edr Saze\u010dek\t\t<\/span>\n\t\t\t\t<span class=\"elementor-post-avatar\">\n\t\t\tSem coment\u00e1rios\t\t<\/span>\n\t\t\t\t<\/div>\n\t\t\t\t<\/div>\n\t\t\t\t<\/article>\n\t\t\t\t<article class=\"elementor-post elementor-grid-item post-441 post type-post status-publish format-standard has-post-thumbnail hentry category-rok-v-zajati-unity-spomienky-priameho-ucastnika\">\n\t\t\t\t<a class=\"elementor-post__thumbnail__link\" href=\"https:\/\/www.unesenivangole.socializmus.sk\/pt\/zajatci-v-angole-maji-konecne-prvni-den-na-jih-nadeje-stoupaji\/\" tabindex=\"-1\" >\n\t\t\t<div class=\"elementor-post__thumbnail\"><img loading=\"lazy\" decoding=\"async\" width=\"300\" height=\"168\" src=\"https:\/\/www.unesenivangole.socializmus.sk\/wp-content\/uploads\/2023\/08\/obrazok_2023-08-15_004617031-300x168.png\" class=\"attachment-medium size-medium wp-image-443\" alt=\"\" srcset=\"https:\/\/www.unesenivangole.socializmus.sk\/wp-content\/uploads\/2023\/08\/obrazok_2023-08-15_004617031-300x168.png 300w, https:\/\/www.unesenivangole.socializmus.sk\/wp-content\/uploads\/2023\/08\/obrazok_2023-08-15_004617031.png 722w\" sizes=\"(max-width: 300px) 100vw, 300px\" \/><\/div>\n\t\t<\/a>\n\t\t\t\t<div class=\"elementor-post__text\">\n\t\t\t\t<h3 class=\"elementor-post__title\">\n\t\t\t<a href=\"https:\/\/www.unesenivangole.socializmus.sk\/pt\/zajatci-v-angole-maji-konecne-prvni-den-na-jih-nadeje-stoupaji\/\" >\n\t\t\t\tZajatci v Angole maj\u00ed kone\u010dn\u011b prvn\u00ed den na jih. Nad\u011bje stoupaj\u00ed\t\t\t<\/a>\n\t\t<\/h3>\n\t\t\t\t<div class=\"elementor-post__meta-data\">\n\t\t\t\t\t<span class=\"elementor-post-author\">\n\t\t\tLubom\u00edr Saze\u010dek\t\t<\/span>\n\t\t\t\t<span class=\"elementor-post-avatar\">\n\t\t\tSem coment\u00e1rios\t\t<\/span>\n\t\t\t\t<\/div>\n\t\t\t\t<\/div>\n\t\t\t\t<\/article>\n\t\t\t\t<article class=\"elementor-post elementor-grid-item post-436 post type-post status-publish format-standard has-post-thumbnail hentry category-rok-v-zajati-unity-spomienky-priameho-ucastnika\">\n\t\t\t\t<a class=\"elementor-post__thumbnail__link\" href=\"https:\/\/www.unesenivangole.socializmus.sk\/pt\/jak-me-unesli-vojaci-unita-v-angolske-alto-catumbela\/\" tabindex=\"-1\" >\n\t\t\t<div class=\"elementor-post__thumbnail\"><img loading=\"lazy\" decoding=\"async\" width=\"300\" height=\"168\" src=\"https:\/\/www.unesenivangole.socializmus.sk\/wp-content\/uploads\/2023\/08\/obrazok_2023-08-15_004501002-300x168.png\" class=\"attachment-medium size-medium wp-image-438\" alt=\"\" srcset=\"https:\/\/www.unesenivangole.socializmus.sk\/wp-content\/uploads\/2023\/08\/obrazok_2023-08-15_004501002-300x168.png 300w, https:\/\/www.unesenivangole.socializmus.sk\/wp-content\/uploads\/2023\/08\/obrazok_2023-08-15_004501002.png 722w\" sizes=\"(max-width: 300px) 100vw, 300px\" \/><\/div>\n\t\t<\/a>\n\t\t\t\t<div class=\"elementor-post__text\">\n\t\t\t\t<h3 class=\"elementor-post__title\">\n\t\t\t<a href=\"https:\/\/www.unesenivangole.socializmus.sk\/pt\/jak-me-unesli-vojaci-unita-v-angolske-alto-catumbela\/\" >\n\t\t\t\tJak m\u011b unesli voj\u00e1ci UNITA v angolsk\u00e9 Alto Catumbela\t\t\t<\/a>\n\t\t<\/h3>\n\t\t\t\t<div class=\"elementor-post__meta-data\">\n\t\t\t\t\t<span class=\"elementor-post-author\">\n\t\t\tLubom\u00edr Saze\u010dek\t\t<\/span>\n\t\t\t\t<span class=\"elementor-post-avatar\">\n\t\t\tSem coment\u00e1rios\t\t<\/span>\n\t\t\t\t<\/div>\n\t\t\t\t<\/div>\n\t\t\t\t<\/article>\n\t\t\t\t<article class=\"elementor-post elementor-grid-item post-429 post type-post status-publish format-standard has-post-thumbnail hentry category-rok-v-zajati-unity-spomienky-priameho-ucastnika\">\n\t\t\t\t<a class=\"elementor-post__thumbnail__link\" href=\"https:\/\/www.unesenivangole.socializmus.sk\/pt\/tri-cesi-meli-zachranit-pul-zeme-energetici-a-jejich-marny-boj-se-sabotazemi\/\" tabindex=\"-1\" >\n\t\t\t<div class=\"elementor-post__thumbnail\"><img loading=\"lazy\" decoding=\"async\" width=\"300\" height=\"169\" src=\"https:\/\/www.unesenivangole.socializmus.sk\/wp-content\/uploads\/2023\/08\/obrazok_2023-08-15_004052574-300x169.png\" class=\"attachment-medium size-medium wp-image-431\" alt=\"\" srcset=\"https:\/\/www.unesenivangole.socializmus.sk\/wp-content\/uploads\/2023\/08\/obrazok_2023-08-15_004052574-300x169.png 300w, https:\/\/www.unesenivangole.socializmus.sk\/wp-content\/uploads\/2023\/08\/obrazok_2023-08-15_004052574.png 722w\" sizes=\"(max-width: 300px) 100vw, 300px\" \/><\/div>\n\t\t<\/a>\n\t\t\t\t<div class=\"elementor-post__text\">\n\t\t\t\t<h3 class=\"elementor-post__title\">\n\t\t\t<a href=\"https:\/\/www.unesenivangole.socializmus.sk\/pt\/tri-cesi-meli-zachranit-pul-zeme-energetici-a-jejich-marny-boj-se-sabotazemi\/\" >\n\t\t\t\tT\u0159i \u010ce\u0161i m\u011bli zachr\u00e1nit p\u016fl zem\u011b. Energetici a jejich marn\u00fd boj se sabot\u00e1\u017eemi.\t\t\t<\/a>\n\t\t<\/h3>\n\t\t\t\t<div class=\"elementor-post__meta-data\">\n\t\t\t\t\t<span class=\"elementor-post-author\">\n\t\t\tLubom\u00edr Saze\u010dek\t\t<\/span>\n\t\t\t\t<span class=\"elementor-post-avatar\">\n\t\t\tSem coment\u00e1rios\t\t<\/span>\n\t\t\t\t<\/div>\n\t\t\t\t<\/div>\n\t\t\t\t<\/article>\n\t\t\t\t<article class=\"elementor-post elementor-grid-item post-424 post type-post status-publish format-standard has-post-thumbnail hentry category-rok-v-zajati-unity-spomienky-priameho-ucastnika\">\n\t\t\t\t<a class=\"elementor-post__thumbnail__link\" href=\"https:\/\/www.unesenivangole.socializmus.sk\/pt\/jak-to-bylo-s-kubanci-pracujicimi-v-angolske-alto-catumbela\/\" tabindex=\"-1\" >\n\t\t\t<div class=\"elementor-post__thumbnail\"><img loading=\"lazy\" decoding=\"async\" width=\"300\" height=\"168\" src=\"https:\/\/www.unesenivangole.socializmus.sk\/wp-content\/uploads\/2023\/08\/obrazok_2023-08-15_003910938-300x168.png\" class=\"attachment-medium size-medium wp-image-426\" alt=\"\" srcset=\"https:\/\/www.unesenivangole.socializmus.sk\/wp-content\/uploads\/2023\/08\/obrazok_2023-08-15_003910938-300x168.png 300w, https:\/\/www.unesenivangole.socializmus.sk\/wp-content\/uploads\/2023\/08\/obrazok_2023-08-15_003910938.png 722w\" sizes=\"(max-width: 300px) 100vw, 300px\" \/><\/div>\n\t\t<\/a>\n\t\t\t\t<div class=\"elementor-post__text\">\n\t\t\t\t<h3 class=\"elementor-post__title\">\n\t\t\t<a href=\"https:\/\/www.unesenivangole.socializmus.sk\/pt\/jak-to-bylo-s-kubanci-pracujicimi-v-angolske-alto-catumbela\/\" >\n\t\t\t\tJak to bylo s Kub\u00e1nci pracuj\u00edc\u00edmi v angolsk\u00e9 Alto Catumbela\t\t\t<\/a>\n\t\t<\/h3>\n\t\t\t\t<div class=\"elementor-post__meta-data\">\n\t\t\t\t\t<span class=\"elementor-post-author\">\n\t\t\tLubom\u00edr Saze\u010dek\t\t<\/span>\n\t\t\t\t<span class=\"elementor-post-avatar\">\n\t\t\tSem coment\u00e1rios\t\t<\/span>\n\t\t\t\t<\/div>\n\t\t\t\t<\/div>\n\t\t\t\t<\/article>\n\t\t\t\t<article class=\"elementor-post elementor-grid-item post-419 post type-post status-publish format-standard has-post-thumbnail hentry category-rok-v-zajati-unity-spomienky-priameho-ucastnika\">\n\t\t\t\t<a class=\"elementor-post__thumbnail__link\" href=\"https:\/\/www.unesenivangole.socializmus.sk\/pt\/vzpominky-zdravotniku-na-praci-pro-africany-v-alto-catumbela\/\" tabindex=\"-1\" >\n\t\t\t<div class=\"elementor-post__thumbnail\"><img loading=\"lazy\" decoding=\"async\" width=\"300\" height=\"169\" src=\"https:\/\/www.unesenivangole.socializmus.sk\/wp-content\/uploads\/2023\/08\/obrazok_2023-08-15_003732678-300x169.png\" class=\"attachment-medium size-medium wp-image-421\" alt=\"\" srcset=\"https:\/\/www.unesenivangole.socializmus.sk\/wp-content\/uploads\/2023\/08\/obrazok_2023-08-15_003732678-300x169.png 300w, https:\/\/www.unesenivangole.socializmus.sk\/wp-content\/uploads\/2023\/08\/obrazok_2023-08-15_003732678.png 722w\" sizes=\"(max-width: 300px) 100vw, 300px\" \/><\/div>\n\t\t<\/a>\n\t\t\t\t<div class=\"elementor-post__text\">\n\t\t\t\t<h3 class=\"elementor-post__title\">\n\t\t\t<a href=\"https:\/\/www.unesenivangole.socializmus.sk\/pt\/vzpominky-zdravotniku-na-praci-pro-africany-v-alto-catumbela\/\" >\n\t\t\t\tVzpom\u00ednky zdravotn\u00edk\u016f na pr\u00e1ci pro Afri\u010dany v Alto Catumbela\t\t\t<\/a>\n\t\t<\/h3>\n\t\t\t\t<div class=\"elementor-post__meta-data\">\n\t\t\t\t\t<span class=\"elementor-post-author\">\n\t\t\tLubom\u00edr Saze\u010dek\t\t<\/span>\n\t\t\t\t<span class=\"elementor-post-avatar\">\n\t\t\tSem coment\u00e1rios\t\t<\/span>\n\t\t\t\t<\/div>\n\t\t\t\t<\/div>\n\t\t\t\t<\/article>\n\t\t\t\t<article class=\"elementor-post elementor-grid-item post-415 post type-post status-publish format-standard has-post-thumbnail hentry category-rok-v-zajati-unity-spomienky-priameho-ucastnika\">\n\t\t\t\t<a class=\"elementor-post__thumbnail__link\" href=\"https:\/\/www.unesenivangole.socializmus.sk\/pt\/vzpominky-na-zivot-v-alto-catumbela\/\" tabindex=\"-1\" >\n\t\t\t<div class=\"elementor-post__thumbnail\"><img loading=\"lazy\" decoding=\"async\" width=\"300\" height=\"169\" src=\"https:\/\/www.unesenivangole.socializmus.sk\/wp-content\/uploads\/2023\/08\/obrazok_2023-08-15_003431568-300x169.png\" class=\"attachment-medium size-medium wp-image-417\" alt=\"\" srcset=\"https:\/\/www.unesenivangole.socializmus.sk\/wp-content\/uploads\/2023\/08\/obrazok_2023-08-15_003431568-300x169.png 300w, https:\/\/www.unesenivangole.socializmus.sk\/wp-content\/uploads\/2023\/08\/obrazok_2023-08-15_003431568.png 722w\" sizes=\"(max-width: 300px) 100vw, 300px\" \/><\/div>\n\t\t<\/a>\n\t\t\t\t<div class=\"elementor-post__text\">\n\t\t\t\t<h3 class=\"elementor-post__title\">\n\t\t\t<a href=\"https:\/\/www.unesenivangole.socializmus.sk\/pt\/vzpominky-na-zivot-v-alto-catumbela\/\" >\n\t\t\t\tVzpom\u00ednky na \u017eivot v Alto Catumbela\t\t\t<\/a>\n\t\t<\/h3>\n\t\t\t\t<div class=\"elementor-post__meta-data\">\n\t\t\t\t\t<span class=\"elementor-post-author\">\n\t\t\tLubom\u00edr Saze\u010dek\t\t<\/span>\n\t\t\t\t<span class=\"elementor-post-avatar\">\n\t\t\tSem coment\u00e1rios\t\t<\/span>\n\t\t\t\t<\/div>\n\t\t\t\t<\/div>\n\t\t\t\t<\/article>\n\t\t\t\t<article class=\"elementor-post elementor-grid-item post-409 post type-post status-publish format-standard has-post-thumbnail hentry category-rok-v-zajati-unity-spomienky-priameho-ucastnika\">\n\t\t\t\t<a class=\"elementor-post__thumbnail__link\" href=\"https:\/\/www.unesenivangole.socializmus.sk\/pt\/necekane-angolske-dobrodruzstvi-pro-me-zacina\/\" tabindex=\"-1\" >\n\t\t\t<div class=\"elementor-post__thumbnail\"><img loading=\"lazy\" decoding=\"async\" width=\"300\" height=\"169\" src=\"https:\/\/www.unesenivangole.socializmus.sk\/wp-content\/uploads\/2023\/08\/obrazok_2023-08-15_003135769-300x169.png\" class=\"attachment-medium size-medium wp-image-411\" alt=\"\" srcset=\"https:\/\/www.unesenivangole.socializmus.sk\/wp-content\/uploads\/2023\/08\/obrazok_2023-08-15_003135769-300x169.png 300w, https:\/\/www.unesenivangole.socializmus.sk\/wp-content\/uploads\/2023\/08\/obrazok_2023-08-15_003135769.png 722w\" sizes=\"(max-width: 300px) 100vw, 300px\" \/><\/div>\n\t\t<\/a>\n\t\t\t\t<div class=\"elementor-post__text\">\n\t\t\t\t<h3 class=\"elementor-post__title\">\n\t\t\t<a href=\"https:\/\/www.unesenivangole.socializmus.sk\/pt\/necekane-angolske-dobrodruzstvi-pro-me-zacina\/\" >\n\t\t\t\tNe\u010dekan\u00e9 angolsk\u00e9 dobrodru\u017estv\u00ed pro m\u011b za\u010d\u00edn\u00e1!\t\t\t<\/a>\n\t\t<\/h3>\n\t\t\t\t<div class=\"elementor-post__meta-data\">\n\t\t\t\t\t<span class=\"elementor-post-author\">\n\t\t\tLubom\u00edr Saze\u010dek\t\t<\/span>\n\t\t\t\t<span class=\"elementor-post-avatar\">\n\t\t\tSem coment\u00e1rios\t\t<\/span>\n\t\t\t\t<\/div>\n\t\t\t\t<\/div>\n\t\t\t\t<\/article>\n\t\t\t\t<article class=\"elementor-post elementor-grid-item post-404 post type-post status-publish format-standard has-post-thumbnail hentry category-rok-v-zajati-unity-spomienky-priameho-ucastnika\">\n\t\t\t\t<a class=\"elementor-post__thumbnail__link\" href=\"https:\/\/www.unesenivangole.socializmus.sk\/pt\/moje-exoticka-pracovni-cesta-do-angoly\/\" tabindex=\"-1\" >\n\t\t\t<div class=\"elementor-post__thumbnail\"><img loading=\"lazy\" decoding=\"async\" width=\"300\" height=\"168\" src=\"https:\/\/www.unesenivangole.socializmus.sk\/wp-content\/uploads\/2023\/08\/obrazok_2023-08-15_003038847-300x168.png\" class=\"attachment-medium size-medium wp-image-407\" alt=\"\" srcset=\"https:\/\/www.unesenivangole.socializmus.sk\/wp-content\/uploads\/2023\/08\/obrazok_2023-08-15_003038847-300x168.png 300w, https:\/\/www.unesenivangole.socializmus.sk\/wp-content\/uploads\/2023\/08\/obrazok_2023-08-15_003038847.png 722w\" sizes=\"(max-width: 300px) 100vw, 300px\" \/><\/div>\n\t\t<\/a>\n\t\t\t\t<div class=\"elementor-post__text\">\n\t\t\t\t<h3 class=\"elementor-post__title\">\n\t\t\t<a href=\"https:\/\/www.unesenivangole.socializmus.sk\/pt\/moje-exoticka-pracovni-cesta-do-angoly\/\" >\n\t\t\t\tMoje exotick\u00e1 pracovn\u00ed cesta do Angoly\t\t\t<\/a>\n\t\t<\/h3>\n\t\t\t\t<div class=\"elementor-post__meta-data\">\n\t\t\t\t\t<span class=\"elementor-post-author\">\n\t\t\tLubom\u00edr Saze\u010dek\t\t<\/span>\n\t\t\t\t<span class=\"elementor-post-avatar\">\n\t\t\tSem coment\u00e1rios\t\t<\/span>\n\t\t\t\t<\/div>\n\t\t\t\t<\/div>\n\t\t\t\t<\/article>\n\t\t\t\t<article class=\"elementor-post elementor-grid-item post-391 post type-post status-publish format-standard has-post-thumbnail hentry category-rok-v-zajati-unity-spomienky-priameho-ucastnika\">\n\t\t\t\t<a class=\"elementor-post__thumbnail__link\" href=\"https:\/\/www.unesenivangole.socializmus.sk\/pt\/vzpominky-na-angolskou-alto-catumbela-na-uzasne-africke-prostredi-nekdo-tomu-rikal-raj\/\" tabindex=\"-1\" >\n\t\t\t<div class=\"elementor-post__thumbnail\"><img loading=\"lazy\" decoding=\"async\" width=\"300\" height=\"225\" src=\"https:\/\/www.unesenivangole.socializmus.sk\/wp-content\/uploads\/2023\/08\/obrazok_2023-08-15_002612235-300x225.png\" class=\"attachment-medium size-medium wp-image-399\" alt=\"\" srcset=\"https:\/\/www.unesenivangole.socializmus.sk\/wp-content\/uploads\/2023\/08\/obrazok_2023-08-15_002612235-300x225.png 300w, https:\/\/www.unesenivangole.socializmus.sk\/wp-content\/uploads\/2023\/08\/obrazok_2023-08-15_002612235-1024x768.png 1024w, https:\/\/www.unesenivangole.socializmus.sk\/wp-content\/uploads\/2023\/08\/obrazok_2023-08-15_002612235-768x576.png 768w, https:\/\/www.unesenivangole.socializmus.sk\/wp-content\/uploads\/2023\/08\/obrazok_2023-08-15_002612235-1536x1152.png 1536w, https:\/\/www.unesenivangole.socializmus.sk\/wp-content\/uploads\/2023\/08\/obrazok_2023-08-15_002612235.png 1600w\" sizes=\"(max-width: 300px) 100vw, 300px\" \/><\/div>\n\t\t<\/a>\n\t\t\t\t<div class=\"elementor-post__text\">\n\t\t\t\t<h3 class=\"elementor-post__title\">\n\t\t\t<a href=\"https:\/\/www.unesenivangole.socializmus.sk\/pt\/vzpominky-na-angolskou-alto-catumbela-na-uzasne-africke-prostredi-nekdo-tomu-rikal-raj\/\" >\n\t\t\t\tVzpom\u00ednky na angolskou Alto Catumbela, na \u00fa\u017easn\u00e9 africk\u00e9 prost\u0159ed\u00ed. N\u011bkdo tomu \u0159\u00edkal r\u00e1j\t\t\t<\/a>\n\t\t<\/h3>\n\t\t\t\t<div class=\"elementor-post__meta-data\">\n\t\t\t\t\t<span class=\"elementor-post-author\">\n\t\t\tLubom\u00edr Saze\u010dek\t\t<\/span>\n\t\t\t\t<span class=\"elementor-post-avatar\">\n\t\t\tSem coment\u00e1rios\t\t<\/span>\n\t\t\t\t<\/div>\n\t\t\t\t<\/div>\n\t\t\t\t<\/article>\n\t\t\t\t<\/div>\n\t\t\n\t\t\t\t\t\t<\/div>\n\t\t\t\t<\/div>\n\t\t\t\t\t<\/div>\n\t\t<\/div>\n\t\t\t\t\t<\/div>\n\t\t<\/section>\n\t\t\t\t<\/div>","protected":false},"excerpt":{"rendered":"<p>Rok v zajat\u00ed UNITY spomienky priameho \u00fa\u010dastn\u00edka pochodu Lubom\u00edra Saze\u010dka Seri\u00e1l bol uverejnen\u00fd TU.<\/p>","protected":false},"author":1,"featured_media":0,"parent":0,"menu_order":0,"comment_status":"closed","ping_status":"closed","template":"","meta":{"footnotes":""},"class_list":["post-562","page","type-page","status-publish","hentry"],"yoast_head":"<!-- This site is optimized with the Yoast SEO plugin v27.5 - https:\/\/yoast.com\/product\/yoast-seo-wordpress\/ -->\n<title>Rok v zajat\u00ed UNITY - spomienky priameho \u00fa\u010dastn\u00edka pochodu Lubom\u00edra Saze\u010dka | Najv\u00e4\u010d\u0161\u00ed \u00fanos \u010cechoslov\u00e1kov \u2013 Angola 1983<\/title>\n<meta name=\"robots\" content=\"index, follow, max-snippet:-1, max-image-preview:large, max-video-preview:-1\" \/>\n<link rel=\"canonical\" href=\"https:\/\/www.unesenivangole.socializmus.sk\/pt\/um-ano-no-cativeiro-da-unityrecordacoes-de-um-participante-direto-na-marcha-lubomir-sazecek\/\" \/>\n<meta property=\"og:locale\" content=\"pt_PT\" \/>\n<meta property=\"og:type\" content=\"article\" \/>\n<meta property=\"og:title\" content=\"Rok v zajat\u00ed UNITY - spomienky priameho \u00fa\u010dastn\u00edka pochodu Lubom\u00edra Saze\u010dka | Najv\u00e4\u010d\u0161\u00ed \u00fanos \u010cechoslov\u00e1kov \u2013 Angola 1983\" \/>\n<meta property=\"og:description\" content=\"Rok v zajat\u00ed UNITY spomienky priameho \u00fa\u010dastn\u00edka pochodu Lubom\u00edra Saze\u010dka Seri\u00e1l bol uverejnen\u00fd TU.\" \/>\n<meta property=\"og:url\" content=\"https:\/\/www.unesenivangole.socializmus.sk\/pt\/um-ano-no-cativeiro-da-unityrecordacoes-de-um-participante-direto-na-marcha-lubomir-sazecek\/\" \/>\n<meta property=\"og:site_name\" content=\"Najv\u00e4\u010d\u0161\u00ed \u00fanos \u010cechoslov\u00e1kov \u2013 Angola 1983\" \/>\n<meta property=\"article:modified_time\" content=\"2023-08-14T23:39:15+00:00\" \/>\n<meta name=\"twitter:card\" content=\"summary_large_image\" \/>\n<meta name=\"twitter:label1\" content=\"Est. reading time\" \/>\n\t<meta name=\"twitter:data1\" content=\"6 minutos\" \/>\n<script type=\"application\/ld+json\" class=\"yoast-schema-graph\">{\"@context\":\"https:\\\/\\\/schema.org\",\"@graph\":[{\"@type\":\"WebPage\",\"@id\":\"https:\\\/\\\/www.unesenivangole.socializmus.sk\\\/rok-v-zajati-unity-spomienky-priameho-ucastnika-pochodu-lubomira-sazecka\\\/\",\"url\":\"https:\\\/\\\/www.unesenivangole.socializmus.sk\\\/rok-v-zajati-unity-spomienky-priameho-ucastnika-pochodu-lubomira-sazecka\\\/\",\"name\":\"Rok v zajat\u00ed UNITY - spomienky priameho \u00fa\u010dastn\u00edka pochodu Lubom\u00edra Saze\u010dka | Najv\u00e4\u010d\u0161\u00ed \u00fanos \u010cechoslov\u00e1kov \u2013 Angola 1983\",\"isPartOf\":{\"@id\":\"https:\\\/\\\/www.unesenivangole.socializmus.sk\\\/#website\"},\"datePublished\":\"2023-08-14T23:38:00+00:00\",\"dateModified\":\"2023-08-14T23:39:15+00:00\",\"breadcrumb\":{\"@id\":\"https:\\\/\\\/www.unesenivangole.socializmus.sk\\\/rok-v-zajati-unity-spomienky-priameho-ucastnika-pochodu-lubomira-sazecka\\\/#breadcrumb\"},\"inLanguage\":\"pt-AO\",\"potentialAction\":[{\"@type\":\"ReadAction\",\"target\":[\"https:\\\/\\\/www.unesenivangole.socializmus.sk\\\/rok-v-zajati-unity-spomienky-priameho-ucastnika-pochodu-lubomira-sazecka\\\/\"]}]},{\"@type\":\"BreadcrumbList\",\"@id\":\"https:\\\/\\\/www.unesenivangole.socializmus.sk\\\/rok-v-zajati-unity-spomienky-priameho-ucastnika-pochodu-lubomira-sazecka\\\/#breadcrumb\",\"itemListElement\":[{\"@type\":\"ListItem\",\"position\":1,\"name\":\"Domovsk\u00e1 str\u00e1nka\",\"item\":\"https:\\\/\\\/www.unesenivangole.socializmus.sk\\\/\"},{\"@type\":\"ListItem\",\"position\":2,\"name\":\"Rok v zajat\u00ed UNITY &#8211; spomienky priameho \u00fa\u010dastn\u00edka pochodu Lubom\u00edra Saze\u010dka\"}]},{\"@type\":\"WebSite\",\"@id\":\"https:\\\/\\\/www.unesenivangole.socializmus.sk\\\/#website\",\"url\":\"https:\\\/\\\/www.unesenivangole.socializmus.sk\\\/\",\"name\":\"Najv\u00e4\u010d\u0161\u00ed \u00fanos \u010cechoslov\u00e1kov \u2013 Angola 1983\",\"description\":\"Socializmus.sk\",\"alternateName\":\"Socializmus.sk\",\"potentialAction\":[{\"@type\":\"SearchAction\",\"target\":{\"@type\":\"EntryPoint\",\"urlTemplate\":\"https:\\\/\\\/www.unesenivangole.socializmus.sk\\\/?s={search_term_string}\"},\"query-input\":{\"@type\":\"PropertyValueSpecification\",\"valueRequired\":true,\"valueName\":\"search_term_string\"}}],\"inLanguage\":\"pt-AO\"}]}<\/script>\n<!-- \/ Yoast SEO plugin. -->","yoast_head_json":{"title":"Um ano em cativeiro da UNITA - mem\u00f3rias de um participante direto na marcha Lubom\u00edr Saze\u010dek | O maior rapto de checoslovacos - Angola 1983","robots":{"index":"index","follow":"follow","max-snippet":"max-snippet:-1","max-image-preview":"max-image-preview:large","max-video-preview":"max-video-preview:-1"},"canonical":"https:\/\/www.unesenivangole.socializmus.sk\/pt\/um-ano-no-cativeiro-da-unityrecordacoes-de-um-participante-direto-na-marcha-lubomir-sazecek\/","og_locale":"pt_PT","og_type":"article","og_title":"Rok v zajat\u00ed UNITY - spomienky priameho \u00fa\u010dastn\u00edka pochodu Lubom\u00edra Saze\u010dka | Najv\u00e4\u010d\u0161\u00ed \u00fanos \u010cechoslov\u00e1kov \u2013 Angola 1983","og_description":"Rok v zajat\u00ed UNITY spomienky priameho \u00fa\u010dastn\u00edka pochodu Lubom\u00edra Saze\u010dka Seri\u00e1l bol uverejnen\u00fd TU.","og_url":"https:\/\/www.unesenivangole.socializmus.sk\/pt\/um-ano-no-cativeiro-da-unityrecordacoes-de-um-participante-direto-na-marcha-lubomir-sazecek\/","og_site_name":"Najv\u00e4\u010d\u0161\u00ed \u00fanos \u010cechoslov\u00e1kov \u2013 Angola 1983","article_modified_time":"2023-08-14T23:39:15+00:00","twitter_card":"summary_large_image","twitter_misc":{"Est. reading time":"6 minutos"},"schema":{"@context":"https:\/\/schema.org","@graph":[{"@type":"WebPage","@id":"https:\/\/www.unesenivangole.socializmus.sk\/rok-v-zajati-unity-spomienky-priameho-ucastnika-pochodu-lubomira-sazecka\/","url":"https:\/\/www.unesenivangole.socializmus.sk\/rok-v-zajati-unity-spomienky-priameho-ucastnika-pochodu-lubomira-sazecka\/","name":"Um ano em cativeiro da UNITA - mem\u00f3rias de um participante direto na marcha Lubom\u00edr Saze\u010dek | O maior rapto de checoslovacos - Angola 1983","isPartOf":{"@id":"https:\/\/www.unesenivangole.socializmus.sk\/#website"},"datePublished":"2023-08-14T23:38:00+00:00","dateModified":"2023-08-14T23:39:15+00:00","breadcrumb":{"@id":"https:\/\/www.unesenivangole.socializmus.sk\/rok-v-zajati-unity-spomienky-priameho-ucastnika-pochodu-lubomira-sazecka\/#breadcrumb"},"inLanguage":"pt-AO","potentialAction":[{"@type":"ReadAction","target":["https:\/\/www.unesenivangole.socializmus.sk\/rok-v-zajati-unity-spomienky-priameho-ucastnika-pochodu-lubomira-sazecka\/"]}]},{"@type":"BreadcrumbList","@id":"https:\/\/www.unesenivangole.socializmus.sk\/rok-v-zajati-unity-spomienky-priameho-ucastnika-pochodu-lubomira-sazecka\/#breadcrumb","itemListElement":[{"@type":"ListItem","position":1,"name":"Domovsk\u00e1 str\u00e1nka","item":"https:\/\/www.unesenivangole.socializmus.sk\/"},{"@type":"ListItem","position":2,"name":"Rok v zajat\u00ed UNITY &#8211; spomienky priameho \u00fa\u010dastn\u00edka pochodu Lubom\u00edra Saze\u010dka"}]},{"@type":"WebSite","@id":"https:\/\/www.unesenivangole.socializmus.sk\/#website","url":"https:\/\/www.unesenivangole.socializmus.sk\/","name":"O maior rapto de checoslovacos - Angola 1983","description":"Socializmus.sk","alternateName":"Socializmus.sk","potentialAction":[{"@type":"SearchAction","target":{"@type":"EntryPoint","urlTemplate":"https:\/\/www.unesenivangole.socializmus.sk\/?s={search_term_string}"},"query-input":{"@type":"PropertyValueSpecification","valueRequired":true,"valueName":"search_term_string"}}],"inLanguage":"pt-AO"}]}},"_links":{"self":[{"href":"https:\/\/www.unesenivangole.socializmus.sk\/pt\/wp-json\/wp\/v2\/pages\/562","targetHints":{"allow":["GET"]}}],"collection":[{"href":"https:\/\/www.unesenivangole.socializmus.sk\/pt\/wp-json\/wp\/v2\/pages"}],"about":[{"href":"https:\/\/www.unesenivangole.socializmus.sk\/pt\/wp-json\/wp\/v2\/types\/page"}],"author":[{"embeddable":true,"href":"https:\/\/www.unesenivangole.socializmus.sk\/pt\/wp-json\/wp\/v2\/users\/1"}],"replies":[{"embeddable":true,"href":"https:\/\/www.unesenivangole.socializmus.sk\/pt\/wp-json\/wp\/v2\/comments?post=562"}],"version-history":[{"count":5,"href":"https:\/\/www.unesenivangole.socializmus.sk\/pt\/wp-json\/wp\/v2\/pages\/562\/revisions"}],"predecessor-version":[{"id":568,"href":"https:\/\/www.unesenivangole.socializmus.sk\/pt\/wp-json\/wp\/v2\/pages\/562\/revisions\/568"}],"wp:attachment":[{"href":"https:\/\/www.unesenivangole.socializmus.sk\/pt\/wp-json\/wp\/v2\/media?parent=562"}],"curies":[{"name":"wp","href":"https:\/\/api.w.org\/{rel}","templated":true}]}}